{"id":2994,"date":"2013-08-06T20:13:19","date_gmt":"2013-08-06T20:13:19","guid":{"rendered":"https:\/\/www.plastischechirurgie-mallorca.com\/home\/"},"modified":"2025-10-30T10:48:12","modified_gmt":"2025-10-30T10:48:12","slug":"home","status":"publish","type":"page","link":"https:\/\/www.plastischechirurgie-mallorca.com\/da\/","title":{"rendered":"Plastikkirurgi p\u00e5 Mallorca"},"content":{"rendered":"\n<div class=\"slider-wrapper relative\" id=\"slider-1583348048\" >\n    <div class=\"slider slider-nav-circle slider-nav-large slider-nav-light slider-style-normal\"\n        data-flickity-options='{\n            \"cellAlign\": \"center\",\n            \"imagesLoaded\": true,\n            \"lazyLoad\": 1,\n            \"freeScroll\": false,\n            \"wrapAround\": true,\n            \"autoPlay\": 6000,\n            \"pauseAutoPlayOnHover\" : true,\n            \"prevNextButtons\": true,\n            \"contain\" : true,\n            \"adaptiveHeight\" : true,\n            \"dragThreshold\" : 10,\n            \"percentPosition\": true,\n            \"pageDots\": false,\n            \"rightToLeft\": false,\n            \"draggable\": true,\n            \"selectedAttraction\": 0.1,\n            \"parallax\" : 0,\n            \"friction\": 0.6        }'\n        >\n        \n\n\n  <div class=\"banner has-hover has-parallax\" id=\"banner-920295607\">\n          <div class=\"banner-inner fill\">\n        <div class=\"banner-bg fill\" data-parallax=\"-5\" data-parallax-container=\".banner\" data-parallax-background>\n            <div class=\"bg fill bg-fill \"><\/div>\n                        <div class=\"overlay\"><\/div>            \n                    <\/div>\n\t\t\n        <div class=\"banner-layers container\">\n            <div class=\"fill banner-link\"><\/div>            \n\n   <div id=\"text-box-1090165866\" class=\"text-box banner-layer x50 md-x50 lg-x50 y45 md-y45 lg-y45 res-text\">\n                     <div data-animate=\"flipInY\">           <div class=\"text-box-content text dark\">\n              \n              <div class=\"text-inner text-center\">\n                  \n\n<div class=\"is-divider divider clearfix\" style=\"margin-top:3px;margin-bottom:3px;\"><\/div>\n\n\t<div id=\"text-1263448191\" class=\"text\">\n\t\t\n\n<h1 class=\"h-large uppercase\"><span style=\"font-size: 160%;\"><strong>Plastikkirurgi<br> p\u00e5 Mallorca<\/strong><\/span><\/h1>\n\t\t\n<style>\n#text-1263448191 {\n  font-size: 0.75rem;\n}\n<\/style>\n\t<\/div>\n\t\n\t<div id=\"text-2853962893\" class=\"text\">\n\t\t\n\n<p>kosmetisk kirurg dr Christian Wolf<\/p>\n\t\t\n<style>\n#text-2853962893 {\n  font-size: 1.75rem;\n  line-height: 0.75;\n  text-align: center;\n}\n<\/style>\n\t<\/div>\n\t\n<div class=\"is-divider divider clearfix\" ><\/div>\n\n<a href=\"https:\/\/www.plastischechirurgie-mallorca.com\/da\/kontakt\/\" target=\"_self\" class=\"button white is-outline\">\n    <span>Kontakt<\/span>\n  <\/a>\n\n\n<a href=\"tel:+34653544600\" target=\"_self\" class=\"button white is-outline\"  >\n    <span>+34 653 544 600<\/span>\n  <\/a>\n\n\n\n              <\/div>\n           <\/div>\n       <\/div>                     \n<style>\n#text-box-1090165866 {\n  width: 100%;\n}\n#text-box-1090165866 .text-box-content {\n  font-size: 100%;\n}\n@media (min-width:550px) {\n  #text-box-1090165866 {\n    width: 100%;\n  }\n}\n<\/style>\n    <\/div>\n \n\n        <\/div>\n      <\/div>\n\n            \n<style>\n#banner-920295607 {\n  padding-top: 400px;\n}\n#banner-920295607 .bg.bg-loaded {\n  background-image: url(https:\/\/www.plastischechirurgie-mallorca.com\/wp-content\/uploads\/2021\/07\/de684c_cd1bd9f00c124ff085f9efc378c3b33f_mv2-1200x800.jpg);\n}\n#banner-920295607 .overlay {\n  background-color: rgba(0,0,0,.5);\n}\n#banner-920295607 .bg {\n  background-position: 57% 49%;\n}\n#banner-920295607 .ux-shape-divider--top svg {\n  height: 150px;\n  --divider-top-width: 100%;\n}\n#banner-920295607 .ux-shape-divider--bottom svg {\n  height: 150px;\n  --divider-width: 100%;\n}\n@media (min-width:550px) {\n  #banner-920295607 {\n    padding-top: 600px;\n  }\n}\n<\/style>\n  <\/div>\n\n\n\n     <\/div>\n\n     <div class=\"loading-spin dark large centered\"><\/div>\n\n     \t<\/div>\n\n\n\n\t<section class=\"section\" id=\"section_2042202548\">\n\t\t<div class=\"bg section-bg fill bg-fill  bg-loaded\" >\n\n\t\t\t\n\t\t\t\n\t\t\t\n\n\t\t<\/div>\n\n\t\t\n\n\t\t<div class=\"section-content relative\">\n\t\t\t\n\n<div class=\"row\"  id=\"row-1254599815\">\n\n\n\t<div id=\"col-445767569\" class=\"col small-12 large-12\"  >\n\t\t\t\t<div class=\"col-inner\"  >\n\t\t\t\n\t\t\t\n\n\t<div id=\"text-1342223085\" class=\"text\">\n\t\t\n\n<p>I vores praksis for plastikkirurgi p\u00e5 Mallorca opfylder vi \u00f8nsket om selvrealisering og en st\u00e6rkere selvtillid for mennesker, der er forstyrret af deres optiske udseende. Udover kirurgiske indgreb som brystforst\u00f8rrelse tilbyder vi ogs\u00e5 minimalt invasive indgreb som f.eks. Rynkeindspr\u00f8jtninger, Botox\u00ae og ansigtsl\u00f8ftning.<\/p>\n<p>Lad den omfattende viden og empati fra Dr. Christian Wolf og bes\u00f8g os i vores praksis for plastik og \u00e6stetisk kirurgi p\u00e5 Mallorca. Plastikkirurgi p\u00e5 Mallorca.<\/p>\n\t\t\n<style>\n#text-1342223085 {\n  text-align: left;\n}\n@media (min-width:550px) {\n  #text-1342223085 {\n    text-align: center;\n  }\n}\n<\/style>\n\t<\/div>\n\t\n<div class=\"text-center\"><div class=\"is-divider divider clearfix\" style=\"max-width:111px;\"><\/div><\/div>\n\n\t<div id=\"text-650084262\" class=\"text\">\n\t\t\n\n<h2><strong>Dr Christian Wolf &#8211; din plastikkirurg til dig p\u00e5 Mallorca<\/strong><\/h2>\n<p style=\"text-align: left;\">Som en erfaren specialist i plastik, \u00e6stetisk og rekonstruktiv kirurgi har Dr. Wolf p\u00e5 vej mod deres eget velbefindende. Kun de mest moderne procedurer, enheder og produkter bruges til at opn\u00e5 h\u00f8jkvalitets og naturlige resultater. Vores patienters \u00f8nsker og ideer kommer altid f\u00f8rst! sammen med Dr. Wolf, implementeringen og behandlingen diskuteres klart og empatisk for p\u00e5 forh\u00e5nd at afklare alle sp\u00f8rgsm\u00e5l og usikkerheder.<\/p>\n\t\t\n<style>\n#text-650084262 {\n  text-align: center;\n}\n<\/style>\n\t<\/div>\n\t\n\t<div id=\"gap-2134598658\" class=\"gap-element clearfix\" style=\"display:block; height:auto;\">\n\t\t\n<style>\n#gap-2134598658 {\n  padding-top: 50px;\n}\n<\/style>\n\t<\/div>\n\t\n\n\n\t\t<\/div>\n\t\t\t\t\n<style>\n#col-445767569 > .col-inner {\n  margin: 0px 0px -30px 0px;\n}\n<\/style>\n\t<\/div>\n\n\t\n\n\n<style>\n#row-1254599815 > .col > .col-inner {\n  padding: 50px 0px 0px 0px;\n}\n<\/style>\n<\/div>\n\n\t\t<\/div>\n\n\t\t\n<style>\n#section_2042202548 {\n  padding-top: 0px;\n  padding-bottom: 0px;\n}\n#section_2042202548 .ux-shape-divider--top svg {\n  height: 150px;\n  --divider-top-width: 100%;\n}\n#section_2042202548 .ux-shape-divider--bottom svg {\n  height: 150px;\n  --divider-width: 100%;\n}\n<\/style>\n\t<\/section>\n\t\n\t<section class=\"section dark\" id=\"section_1245497664\">\n\t\t<div class=\"bg section-bg fill bg-fill  bg-loaded\" >\n\n\t\t\t\n\t\t\t\n\t\t\t\n\n\t\t<\/div>\n\n\t\t\n\n\t\t<div class=\"section-content relative\">\n\t\t\t\n\n<div class=\"row\"  id=\"row-844520347\">\n\n\n\t<div id=\"col-1623909922\" class=\"col small-12 large-12\"  >\n\t\t\t\t<div class=\"col-inner\"  >\n\t\t\t\n\t\t\t\n\n\t<div id=\"text-962061031\" class=\"text\">\n\t\t\n\n<h2>Hvorfor henvender patienter sig til Dr. Christian Wolf bestemmer<\/h2>\n\t\t\n<style>\n#text-962061031 {\n  text-align: center;\n}\n<\/style>\n\t<\/div>\n\t\n\t<div id=\"gap-1928030389\" class=\"gap-element clearfix\" style=\"display:block; height:auto;\">\n\t\t\n<style>\n#gap-1928030389 {\n  padding-top: 30px;\n}\n<\/style>\n\t<\/div>\n\t\n\n<div class=\"row row-divided\"  id=\"row-548095300\">\n\n\n\t<div id=\"col-1753456945\" class=\"col medium-3 large-3\"  >\n\t\t\t\t<div class=\"col-inner\"  >\n\t\t\t\n\t\t\t\n\n\n\t\t<div class=\"icon-box featured-box icon-box-center text-center\"  style=\"margin:0px 0px 0px 0px;\">\n\t\t\t\t\t<div class=\"icon-box-img has-icon-bg\" style=\"width: 46px\">\n\t\t\t\t<div class=\"icon\">\n\t\t\t\t\t<div class=\"icon-inner\" style=\"border-width:2px;color:rgb(182, 182, 182);\">\n\t\t\t\t\t\t<img width=\"400\" height=\"400\" src=\"https:\/\/www.plastischechirurgie-mallorca.com\/wp-content\/uploads\/2021\/07\/check-solid-white-400x400.png\" class=\"attachment-medium size-medium\" alt=\"Check\" loading=\"lazy\" srcset=\"https:\/\/www.plastischechirurgie-mallorca.com\/wp-content\/uploads\/2021\/07\/check-solid-white-400x400.png 400w, https:\/\/www.plastischechirurgie-mallorca.com\/wp-content\/uploads\/2021\/07\/check-solid-white-280x280.png 280w, https:\/\/www.plastischechirurgie-mallorca.com\/wp-content\/uploads\/2021\/07\/check-solid-white.png 512w\" sizes=\"(max-width: 400px) 100vw, 400px\" title=\"\">\t\t\t\t\t<\/div>\n\t\t\t\t<\/div>\n\t\t\t<\/div>\n\t\t\t\t<div class=\"icon-box-text last-reset\">\n\t\t\t<h5 class=\"uppercase\">MODERNE<\/h5>\t\t\t\t\t\t\n\n<p>State-of-the-art procedurer og behandlinger baseret p\u00e5 den nyeste videnskabelige viden<\/p>\n\n\t\t<\/div>\n\t<\/div>\n\t\n\t\n\n\t\t<\/div>\n\t\t\t\t\t<\/div>\n\n\t\n\n\t<div id=\"col-132081323\" class=\"col medium-3 large-3\"  >\n\t\t\t\t<div class=\"col-inner\"  >\n\t\t\t\n\t\t\t\n\n\n\t\t<div class=\"icon-box featured-box icon-box-center text-center\"  style=\"margin:0px 0px 0px 0px;\">\n\t\t\t\t\t<div class=\"icon-box-img has-icon-bg\" style=\"width: 46px\">\n\t\t\t\t<div class=\"icon\">\n\t\t\t\t\t<div class=\"icon-inner\" style=\"border-width:2px;color:rgb(182, 182, 182);\">\n\t\t\t\t\t\t<img width=\"400\" height=\"400\" src=\"https:\/\/www.plastischechirurgie-mallorca.com\/wp-content\/uploads\/2021\/07\/check-solid-white-400x400.png\" class=\"attachment-medium size-medium\" alt=\"Check\" loading=\"lazy\" srcset=\"https:\/\/www.plastischechirurgie-mallorca.com\/wp-content\/uploads\/2021\/07\/check-solid-white-400x400.png 400w, https:\/\/www.plastischechirurgie-mallorca.com\/wp-content\/uploads\/2021\/07\/check-solid-white-280x280.png 280w, https:\/\/www.plastischechirurgie-mallorca.com\/wp-content\/uploads\/2021\/07\/check-solid-white.png 512w\" sizes=\"(max-width: 400px) 100vw, 400px\" title=\"\">\t\t\t\t\t<\/div>\n\t\t\t\t<\/div>\n\t\t\t<\/div>\n\t\t\t\t<div class=\"icon-box-text last-reset\">\n\t\t\t<h5 class=\"uppercase\">PATIENTORIENTERET<\/h5>\t\t\t\t\t\t\n\n<p>Patientens \u00f8nsker og behov kommer altid f\u00f8rst<\/p>\n\n\t\t<\/div>\n\t<\/div>\n\t\n\t\n\n\t\t<\/div>\n\t\t\t\t\t<\/div>\n\n\t\n\n\t<div id=\"col-429960145\" class=\"col medium-3 large-3\"  >\n\t\t\t\t<div class=\"col-inner\"  >\n\t\t\t\n\t\t\t\n\n\n\t\t<div class=\"icon-box featured-box icon-box-center text-center\"  style=\"margin:0px 0px 0px 0px;\">\n\t\t\t\t\t<div class=\"icon-box-img has-icon-bg\" style=\"width: 46px\">\n\t\t\t\t<div class=\"icon\">\n\t\t\t\t\t<div class=\"icon-inner\" style=\"border-width:2px;color:rgb(182, 182, 182);\">\n\t\t\t\t\t\t<img width=\"400\" height=\"400\" src=\"https:\/\/www.plastischechirurgie-mallorca.com\/wp-content\/uploads\/2021\/07\/check-solid-white-400x400.png\" class=\"attachment-medium size-medium\" alt=\"Check\" loading=\"lazy\" srcset=\"https:\/\/www.plastischechirurgie-mallorca.com\/wp-content\/uploads\/2021\/07\/check-solid-white-400x400.png 400w, https:\/\/www.plastischechirurgie-mallorca.com\/wp-content\/uploads\/2021\/07\/check-solid-white-280x280.png 280w, https:\/\/www.plastischechirurgie-mallorca.com\/wp-content\/uploads\/2021\/07\/check-solid-white.png 512w\" sizes=\"(max-width: 400px) 100vw, 400px\" title=\"\">\t\t\t\t\t<\/div>\n\t\t\t\t<\/div>\n\t\t\t<\/div>\n\t\t\t\t<div class=\"icon-box-text last-reset\">\n\t\t\t<h5 class=\"uppercase\">B\u00c6REDYGTIGHED<\/h5>\t\t\t\t\t\t\n\n<p>Langtidsholdbare og naturlige resultater<\/p>\n\n\t\t<\/div>\n\t<\/div>\n\t\n\t\n\n\t\t<\/div>\n\t\t\t\t\t<\/div>\n\n\t\n\n\t<div id=\"col-95021179\" class=\"col medium-3 large-3\"  >\n\t\t\t\t<div class=\"col-inner\"  >\n\t\t\t\n\t\t\t\n\n\n\t\t<div class=\"icon-box featured-box icon-box-center text-center\"  style=\"margin:0px 0px 0px 0px;\">\n\t\t\t\t\t<div class=\"icon-box-img has-icon-bg\" style=\"width: 46px\">\n\t\t\t\t<div class=\"icon\">\n\t\t\t\t\t<div class=\"icon-inner\" style=\"border-width:2px;color:rgb(182, 182, 182);\">\n\t\t\t\t\t\t<img width=\"400\" height=\"400\" src=\"https:\/\/www.plastischechirurgie-mallorca.com\/wp-content\/uploads\/2021\/07\/check-solid-white-400x400.png\" class=\"attachment-medium size-medium\" alt=\"Check\" loading=\"lazy\" srcset=\"https:\/\/www.plastischechirurgie-mallorca.com\/wp-content\/uploads\/2021\/07\/check-solid-white-400x400.png 400w, https:\/\/www.plastischechirurgie-mallorca.com\/wp-content\/uploads\/2021\/07\/check-solid-white-280x280.png 280w, https:\/\/www.plastischechirurgie-mallorca.com\/wp-content\/uploads\/2021\/07\/check-solid-white.png 512w\" sizes=\"(max-width: 400px) 100vw, 400px\" title=\"\">\t\t\t\t\t<\/div>\n\t\t\t\t<\/div>\n\t\t\t<\/div>\n\t\t\t\t<div class=\"icon-box-text last-reset\">\n\t\t\t<h5 class=\"uppercase\">TIL DIT GOD<\/h5>\t\t\t\t\t\t\n\n<p>Individuel &amp; personlig r\u00e5dgivning om valg &amp; gennemf\u00f8relse af behandlingen<\/p>\n\n\t\t<\/div>\n\t<\/div>\n\t\n\t\n\n\t\t<\/div>\n\t\t\t\t\t<\/div>\n\n\t\n\n\n<style>\n#row-548095300 > .col > .col-inner {\n  padding: 0px 0px 9px 0px;\n}\n<\/style>\n<\/div>\n\t<div id=\"gap-989638447\" class=\"gap-element clearfix\" style=\"display:block; height:auto;\">\n\t\t\n<style>\n#gap-989638447 {\n  padding-top: 50px;\n}\n<\/style>\n\t<\/div>\n\t\n\n\n\t\t<\/div>\n\t\t\t\t\n<style>\n#col-1623909922 > .col-inner {\n  margin: 0px 0px 15px 0px;\n}\n<\/style>\n\t<\/div>\n\n\t\n\n\n<style>\n#row-844520347 > .col > .col-inner {\n  padding: 50px 0px 0px 0px;\n}\n<\/style>\n<\/div>\n\n\t\t<\/div>\n\n\t\t\n<style>\n#section_1245497664 {\n  padding-top: 0px;\n  padding-bottom: 0px;\n  background-color: rgb(29, 51, 74);\n}\n#section_1245497664 .ux-shape-divider--top svg {\n  height: 150px;\n  --divider-top-width: 100%;\n}\n#section_1245497664 .ux-shape-divider--bottom svg {\n  height: 150px;\n  --divider-width: 100%;\n}\n<\/style>\n\t<\/section>\n\t\n\t<section class=\"section\" id=\"section_1459721934\">\n\t\t<div class=\"bg section-bg fill bg-fill  bg-loaded\" >\n\n\t\t\t\n\t\t\t\n\t\t\t\n\n\t\t<\/div>\n\n\t\t\n\n\t\t<div class=\"section-content relative\">\n\t\t\t\n\n\t<div id=\"gap-970484921\" class=\"gap-element clearfix\" style=\"display:block; height:auto;\">\n\t\t\n<style>\n#gap-970484921 {\n  padding-top: 30px;\n}\n<\/style>\n\t<\/div>\n\t\n\n<div class=\"container section-title-container\" ><h4 class=\"section-title section-title-center\"><b><\/b><span class=\"section-title-main\" >HVAD SIGER PATIENTER OM BEHANDLING HOS DR. CHRISTIAN WOLF<\/span><b><\/b><\/h4><\/div>\n\n<div class=\"row\"  id=\"row-1439752133\">\n\n\n\t<div id=\"col-1542666548\" class=\"col medium-6 small-12 large-6\"  >\n\t\t\t\t<div class=\"col-inner\"  >\n\t\t\t\n\t\t\t\n\n  <div class=\"icon-box testimonial-box icon-box-center text-center\">\n                <div class=\"icon-box-text p-last-0\">\n          <div class=\"star-rating\"><span style=\"width:100%\"><strong class=\"rating\"><\/strong><\/span><\/div>  \t\t\t\t<div class=\"testimonial-text line-height-small italic test_text first-reset last-reset is-italic\">\n            \n\n<p><strong>Gabriele F.<br \/><\/strong><\/p>\n<p>Jeg har boet p\u00e5 Mallorca i \u00bd \u00e5r og ops\u00f8gte Dr. Wolf, en specialist i plastisk, \u00e6stetisk og rekonstruktiv kirurgi, p\u00e5 baggrund af en anbefaling &#8211; han har ogs\u00e5 en meget attraktiv praksis p\u00e5 Mallorca\/Palma.<\/p>\n<p>Dr. Wolf forekom mig at v\u00e6re ekstremt kompetent, personlig og samtidig f\u00f8lsom over for mine \u00f8nsker. Han gav mig f\u00f8rsteklasses r\u00e5dgivning i alle sp\u00f8rgsm\u00e5l, hvilket ikke er tilf\u00e6ldet med alle plastikkirurger i dag. I mellemtiden har jeg f\u00e5et udf\u00f8rt flere behandlinger af Dr. Wolf, og jeg er absolut tilfreds. Efterbehandlingen var altid f\u00f8rsteklasses, hvilket er ekstremt vigtigt.<\/p>\n<p>Jeg kan anbefale Dr. Wolf med god samvittighed, ser allerede frem til min n\u00e6ste aftale og vil gerne benytte lejligheden til at takke Dr. Wolf og hans team for de altid fremragende resultater.<\/p>\n\n          <\/div>\n          <div class=\"testimonial-meta pt-half\">\n             <strong class=\"testimonial-name test_name\"><\/strong>\n                          <span class=\"testimonial-company test_company\"><\/span>\n          <\/div>\n        <\/div>\n  <\/div>\n\n  \n\t<div id=\"text-4126075661\" class=\"text\">\n\t\t\n\n<p><strong>03.2024 \/ Du kan finde flere anmeldelser p\u00e5 google.de <a href=\"https:\/\/www.google.com\/maps\/place\/Dr.+Christian+Wolf\/@39.567358,2.6239671,17z\/data=!3m1!5s0x129793b4cdb9e2f7:0xb826498a98a4c1cb!4m8!3m7!1s0x129793cc57017219:0xde642a5c6745d4c1!8m2!3d39.567358!4d2.6239671!9m1!1b1!16s%2Fg%2F11t27ng0vg?entry=ttu\" target=\"_blank\" rel=\"noopener\">her.<\/a><\/strong><\/p>\n\t\t\n<style>\n#text-4126075661 {\n  font-size: 0.9rem;\n  text-align: center;\n}\n<\/style>\n\t<\/div>\n\t\n\n\t\t<\/div>\n\t\t\t\t\t<\/div>\n\n\t\n\n\t<div id=\"col-348004684\" class=\"col medium-6 small-12 large-6\"  >\n\t\t\t\t<div class=\"col-inner\"  >\n\t\t\t\n\t\t\t\n\n  <div class=\"icon-box testimonial-box icon-box-center text-center\">\n                <div class=\"icon-box-text p-last-0\">\n          <div class=\"star-rating\"><span style=\"width:100%\"><strong class=\"rating\"><\/strong><\/span><\/div>  \t\t\t\t<div class=\"testimonial-text line-height-small italic test_text first-reset last-reset is-italic\">\n            \n\n\t<div id=\"text-2805474752\" class=\"text\">\n\t\t\n\n<p><strong>Ruben A.<\/strong><\/p>\n<p>Dr. Christian Wolf er en fremragende l\u00e6ge, hvis ekspertise og empati skiller ham ud fra m\u00e6ngden. Han tager sig altid tid til at reagere p\u00e5 sine patienters behov og forklarer behandlingsmulighederne klart og forst\u00e5eligt.<\/p>\n<p>Hans venlige og opm\u00e6rksomme v\u00e6rem\u00e5de skaber en behagelig atmosf\u00e6re i klinikken. Jeg har altid f\u00f8lt mig godt behandlet af ham og kan varmt anbefale ham.<\/p>\n\t\t\n<style>\n#text-2805474752 {\n  text-align: center;\n}\n<\/style>\n\t<\/div>\n\t\n\n          <\/div>\n          <div class=\"testimonial-meta pt-half\">\n             <strong class=\"testimonial-name test_name\"><\/strong>\n                          <span class=\"testimonial-company test_company\"><\/span>\n          <\/div>\n        <\/div>\n  <\/div>\n\n  \n\t<div id=\"text-2339549224\" class=\"text\">\n\t\t\n\n<p><strong>03.2024 \/ Du kan finde flere anmeldelser p\u00e5 google.de <a href=\"https:\/\/www.google.com\/maps\/place\/Dr.+Christian+Wolf\/@39.567358,2.6239671,17z\/data=!3m1!5s0x129793b4cdb9e2f7:0xb826498a98a4c1cb!4m8!3m7!1s0x129793cc57017219:0xde642a5c6745d4c1!8m2!3d39.567358!4d2.6239671!9m1!1b1!16s%2Fg%2F11t27ng0vg?entry=ttu\" target=\"_blank\" rel=\"noopener\">her.<\/a><\/strong><\/p>\n\t\t\n<style>\n#text-2339549224 {\n  font-size: 0.9rem;\n  text-align: center;\n}\n<\/style>\n\t<\/div>\n\t\n\n\t\t<\/div>\n\t\t\t\t\t<\/div>\n\n\t\n\n<\/div>\n\n\t\t<\/div>\n\n\t\t\n<style>\n#section_1459721934 {\n  padding-top: 30px;\n  padding-bottom: 30px;\n}\n#section_1459721934 .ux-shape-divider--top svg {\n  height: 150px;\n  --divider-top-width: 100%;\n}\n#section_1459721934 .ux-shape-divider--bottom svg {\n  height: 150px;\n  --divider-width: 100%;\n}\n<\/style>\n\t<\/section>\n\t\n\n\t<section class=\"section\" id=\"section_1729159645\">\n\t\t<div class=\"bg section-bg fill bg-fill  bg-loaded\" >\n\n\t\t\t\n\t\t\t\n\t\t\t\n\n\t\t<\/div>\n\n\t\t\n\n\t\t<div class=\"section-content relative\">\n\t\t\t\n\n<div class=\"row\"  id=\"row-1595347935\">\n\n\n\t<div id=\"col-276924647\" class=\"col small-12 large-12\"  >\n\t\t\t\t<div class=\"col-inner\"  >\n\t\t\t\n\t\t\t\n\n\t<div id=\"gap-2130243879\" class=\"gap-element clearfix\" style=\"display:block; height:auto;\">\n\t\t\n<style>\n#gap-2130243879 {\n  padding-top: 30px;\n}\n<\/style>\n\t<\/div>\n\t\n\n\t<div id=\"text-772408565\" class=\"text\">\n\t\t\n\n<h3>Medlemskaber<\/h3>\n\t\t\n<style>\n#text-772408565 {\n  text-align: center;\n}\n<\/style>\n\t<\/div>\n\t\n<div class=\"text-center\"><div class=\"is-divider divider clearfix\" style=\"max-width:111px;\"><\/div><\/div>\n\n\n\t\t<\/div>\n\t\t\t\t\n<style>\n#col-276924647 > .col-inner {\n  margin: 0px 0px -30px 0px;\n}\n<\/style>\n\t<\/div>\n\n\t\n\n<\/div>\n<div class=\"row\"  id=\"row-867905242\">\n\n\n\t<div id=\"col-84707669\" class=\"col medium-4 small-12 large-4\"  >\n\t\t\t\t<div class=\"col-inner\"  >\n\t\t\t\n\t\t\t\n\n\t<div class=\"img has-hover x md-x lg-x y md-y lg-y\" id=\"image_78571787\">\n\t\t\t\t\t\t\t\t<div class=\"img-inner dark\" >\n\t\t\t<img width=\"800\" height=\"310\" src=\"https:\/\/www.plastischechirurgie-mallorca.com\/wp-content\/uploads\/2021\/07\/TM-ISAPS-800x310.png\" class=\"attachment-medium size-medium\" alt=\"ISAPS\" loading=\"lazy\" srcset=\"https:\/\/www.plastischechirurgie-mallorca.com\/wp-content\/uploads\/2021\/07\/TM-ISAPS-800x310.png 800w, https:\/\/www.plastischechirurgie-mallorca.com\/wp-content\/uploads\/2021\/07\/TM-ISAPS-768x297.png 768w, https:\/\/www.plastischechirurgie-mallorca.com\/wp-content\/uploads\/2021\/07\/TM-ISAPS.png 946w\" sizes=\"(max-width: 800px) 100vw, 800px\" title=\"\">\t\t\t\t\t\t\n\t\t\t\t\t<\/div>\n\t\t\t\t\t\t\t\t\n<style>\n#image_78571787 {\n  width: 80%;\n}\n<\/style>\n\t<\/div>\n\t\n\n\n\t\t<\/div>\n\t\t\t\t\n<style>\n#col-84707669 > .col-inner {\n  margin: 0px 0px 15px 0px;\n}\n<\/style>\n\t<\/div>\n\n\t\n\n\t<div id=\"col-1345090334\" class=\"col medium-4 small-12 large-4\"  >\n\t\t\t\t<div class=\"col-inner\"  >\n\t\t\t\n\t\t\t\n\n\t<div class=\"img has-hover x md-x lg-x y md-y lg-y\" id=\"image_868631178\">\n\t\t\t\t\t\t\t\t<div class=\"img-inner dark\" style=\"margin:20px 0px 0px 0px;\">\n\t\t\t<img width=\"1020\" height=\"303\" src=\"https:\/\/www.plastischechirurgie-mallorca.com\/wp-content\/uploads\/2021\/07\/logosmall-1400x416.png\" class=\"attachment-large size-large\" alt=\"\u00d6sterreichische Gesellschaft f\u00fcr Plastische, \u00c4sthetische und Rekonstruktive Chirurgie\" loading=\"lazy\" srcset=\"https:\/\/www.plastischechirurgie-mallorca.com\/wp-content\/uploads\/2021\/07\/logosmall-1400x416.png 1400w, https:\/\/www.plastischechirurgie-mallorca.com\/wp-content\/uploads\/2021\/07\/logosmall-800x237.png 800w, https:\/\/www.plastischechirurgie-mallorca.com\/wp-content\/uploads\/2021\/07\/logosmall-768x228.png 768w, https:\/\/www.plastischechirurgie-mallorca.com\/wp-content\/uploads\/2021\/07\/logosmall.png 1432w\" sizes=\"(max-width: 1020px) 100vw, 1020px\" title=\"\">\t\t\t\t\t\t\n\t\t\t\t\t<\/div>\n\t\t\t\t\t\t\t\t\n<style>\n#image_868631178 {\n  width: 80%;\n}\n<\/style>\n\t<\/div>\n\t\n\n\n\t\t<\/div>\n\t\t\t\t\t<\/div>\n\n\t\n\n\t<div id=\"col-1748102079\" class=\"col medium-4 small-12 large-4\"  >\n\t\t\t\t<div class=\"col-inner\"  >\n\t\t\t\n\t\t\t\n\n\n\t\t<\/div>\n\t\t\t\t\t<\/div>\n\n\t\n\n\n<style>\n#row-867905242 > .col > .col-inner {\n  padding: 10px 0px 10px 0px;\n}\n<\/style>\n<\/div>\n\n\t\t<\/div>\n\n\t\t\n<style>\n#section_1729159645 {\n  padding-top: 0px;\n  padding-bottom: 0px;\n}\n#section_1729159645 .ux-shape-divider--top svg {\n  height: 150px;\n  --divider-top-width: 100%;\n}\n#section_1729159645 .ux-shape-divider--bottom svg {\n  height: 150px;\n  --divider-width: 100%;\n}\n<\/style>\n\t<\/section>\n\t\n\t<section class=\"section dark\" id=\"section_482040856\">\n\t\t<div class=\"bg section-bg fill bg-fill  bg-loaded\" >\n\n\t\t\t\n\t\t\t\n\t\t\t\n\n\t\t<\/div>\n\n\t\t\n\n\t\t<div class=\"section-content relative\">\n\t\t\t\n\n<div class=\"row\"  id=\"row-795102904\">\n\n\n\t<div id=\"col-689996691\" class=\"col medium-6 small-12 large-6\"  >\n\t\t\t\t<div class=\"col-inner\"  >\n\t\t\t\n\t\t\t\n\n\t<div id=\"gap-543779158\" class=\"gap-element clearfix\" style=\"display:block; height:auto;\">\n\t\t\n<style>\n#gap-543779158 {\n  padding-top: 30px;\n}\n<\/style>\n\t<\/div>\n\t\n\n\t<div id=\"text-234547643\" class=\"text\">\n\t\t\n\n<h3><strong>Leder du efter en velrenommeret specialist i \u00e6stetisk &amp; plastikkirurgi p\u00e5 Mallorca?<\/strong><\/h3>\n<p>N\u00e5r du leder efter velrenommerede l\u00e6ger, st\u00f8der du altid p\u00e5 sorte f\u00e5r. Is\u00e6r inden for plastik- og \u00e6stetisk kirurgi b\u00f8r du dog f\u00f8rst indhente omfattende information og tage en indledende snak med den behandlende l\u00e6ge, hvor du kan slippe for alle dine sp\u00f8rgsm\u00e5l. dr Som en erfaren og velrenommeret specialist tilbyder Christian Wolf alle kosmetiske operationer p\u00e5 Mallorca. Aftal en uforpligtende konsultation i dag!<\/p>\n\t\t\n<style>\n#text-234547643 {\n  text-align: left;\n}\n<\/style>\n\t<\/div>\n\t\n<a href=\"https:\/\/www.plastischechirurgie-mallorca.com\/da\/kontakt\/\" target=\"_self\" class=\"button white is-outline\">\n    <span>Kontakt<\/span>\n  <\/a>\n\n\n<a href=\"tel:+34653544600\" target=\"_self\" class=\"button white is-outline\"  >\n    <span>+34 653 544 600<\/span>\n  <\/a>\n\n\n\n\t\t<\/div>\n\t\t\t\t\t<\/div>\n\n\t\n\n\t<div id=\"col-76228170\" class=\"col medium-6 small-12 large-6\"  >\n\t\t\t\t<div class=\"col-inner text-right\"  >\n\t\t\t\n\t\t\t\n\n\t<div class=\"img has-hover x md-x lg-x y md-y lg-y\" id=\"image_1328083738\">\n\t\t\t\t\t\t\t\t<div class=\"img-inner dark\" style=\"margin:110px 0px 0px 0px;\">\n\t\t\t<img width=\"1020\" height=\"337\" src=\"https:\/\/www.plastischechirurgie-mallorca.com\/wp-content\/uploads\/2021\/12\/Dr-Christian-Wolf-white-high-res-Kopie2-1400x462.png\" class=\"attachment-large size-large\" alt=\"Plastische Chirurgier Mallorca - Sch\u00f6nheitschirurgie Dr. Christian Wolf\" loading=\"lazy\" srcset=\"https:\/\/www.plastischechirurgie-mallorca.com\/wp-content\/uploads\/2021\/12\/Dr-Christian-Wolf-white-high-res-Kopie2-1400x462.png 1400w, https:\/\/www.plastischechirurgie-mallorca.com\/wp-content\/uploads\/2021\/12\/Dr-Christian-Wolf-white-high-res-Kopie2-800x264.png 800w, https:\/\/www.plastischechirurgie-mallorca.com\/wp-content\/uploads\/2021\/12\/Dr-Christian-Wolf-white-high-res-Kopie2-768x254.png 768w, https:\/\/www.plastischechirurgie-mallorca.com\/wp-content\/uploads\/2021\/12\/Dr-Christian-Wolf-white-high-res-Kopie2-1536x507.png 1536w, https:\/\/www.plastischechirurgie-mallorca.com\/wp-content\/uploads\/2021\/12\/Dr-Christian-Wolf-white-high-res-Kopie2-2048x676.png 2048w\" sizes=\"(max-width: 1020px) 100vw, 1020px\" title=\"\">\t\t\t\t\t\t\n\t\t\t\t\t<\/div>\n\t\t\t\t\t\t\t\t\n<style>\n#image_1328083738 {\n  width: 100%;\n}\n@media (min-width:550px) {\n  #image_1328083738 {\n    width: 80%;\n  }\n}\n<\/style>\n\t<\/div>\n\t\n\n\n\t\t<\/div>\n\t\t\t\t\n<style>\n#col-76228170 > .col-inner {\n  margin: 0px 0px 0px 0px;\n}\n<\/style>\n\t<\/div>\n\n\t\n\n\n<style>\n#row-795102904 > .col > .col-inner {\n  padding: 50px 0px 0px 0px;\n}\n<\/style>\n<\/div>\n\n\t\t<\/div>\n\n\t\t\n<style>\n#section_482040856 {\n  padding-top: 0px;\n  padding-bottom: 0px;\n  background-color: rgb(29, 51, 74);\n}\n#section_482040856 .ux-shape-divider--top svg {\n  height: 150px;\n  --divider-top-width: 100%;\n}\n#section_482040856 .ux-shape-divider--bottom svg {\n  height: 150px;\n  --divider-width: 100%;\n}\n<\/style>\n\t<\/section>\n\t\n\t<section class=\"section\" id=\"section_756964429\">\n\t\t<div class=\"bg section-bg fill bg-fill  bg-loaded\" >\n\n\t\t\t\n\t\t\t\n\t\t\t\n\n\t\t<\/div>\n\n\t\t\n\n\t\t<div class=\"section-content relative\">\n\t\t\t\n\n<div class=\"row\"  id=\"row-18942388\">\n\n\n\t<div id=\"col-1187201004\" class=\"col small-12 large-12\"  >\n\t\t\t\t<div class=\"col-inner\"  >\n\t\t\t\n\t\t\t\n\n\t<div id=\"text-959035595\" class=\"text\">\n\t\t\n\n<h3><strong>Popul\u00e6r kosmetisk kirurgi<\/strong><\/h3>\n\t\t\n<style>\n#text-959035595 {\n  text-align: center;\n}\n<\/style>\n\t<\/div>\n\t\n<div class=\"text-center\"><div class=\"is-divider divider clearfix\" style=\"max-width:111px;\"><\/div><\/div>\n\n<div class=\"row\"  id=\"row-822952770\">\n\n\n\t<div id=\"col-1295887879\" class=\"col medium-4 small-12 large-4\"  >\n\t\t\t\t<div class=\"col-inner\"  >\n\t\t\t\n\t\t\t\n\n\n  <div class=\"banner has-hover bg-zoom-fade\" id=\"banner-873676310\">\n          <div class=\"banner-inner fill\">\n        <div class=\"banner-bg fill\" >\n            <div class=\"bg fill bg-fill \"><\/div>\n                                    \n                    <\/div>\n\t\t\n        <div class=\"banner-layers container\">\n            <a class=\"fill\" href=\"\/brustvergroesserung\/\"  ><div class=\"fill banner-link\"><\/div><\/a>            \n\n   <div id=\"text-box-1303010324\" class=\"text-box banner-layer x50 md-x50 lg-x50 y80 md-y80 lg-y80 res-text\">\n                                <div class=\"text-box-content text dark\">\n              \n              <div class=\"text-inner text-center\">\n                  \n\n\t<div id=\"text-4032220421\" class=\"text\">\n\t\t\n\n<p><strong><span class=\"uppercase\">Brystforst\u00f8rrelse<\/span><\/strong><\/p>\n\t\t\n<style>\n#text-4032220421 {\n  font-size: 1.25rem;\n  color: rgb(0,0,0);\n}\n#text-4032220421 > * {\n  color: rgb(0,0,0);\n}\n<\/style>\n\t<\/div>\n\t\n<div class=\"is-divider divider clearfix\" ><\/div>\n\n\n              <\/div>\n           <\/div>\n                            \n<style>\n#text-box-1303010324 {\n  width: 100%;\n}\n#text-box-1303010324 .text-box-content {\n  font-size: 100%;\n}\n<\/style>\n    <\/div>\n \n\n        <\/div>\n      <\/div>\n\n            \n<style>\n#banner-873676310 {\n  padding-top: 250px;\n}\n#banner-873676310 .bg.bg-loaded {\n  background-image: url(https:\/\/www.plastischechirurgie-mallorca.com\/wp-content\/uploads\/2021\/07\/de684c_31e995e62946473e92765d0fa3a5268b_mv2-954x800.png);\n}\n#banner-873676310 .bg {\n  background-position: 45% 0%;\n}\n#banner-873676310 .ux-shape-divider--top svg {\n  height: 150px;\n  --divider-top-width: 100%;\n}\n#banner-873676310 .ux-shape-divider--bottom svg {\n  height: 150px;\n  --divider-width: 100%;\n}\n<\/style>\n  <\/div>\n\n\n\n\t\t<\/div>\n\t\t\t\t\n<style>\n#col-1295887879 > .col-inner {\n  padding: 5px 0px 0px 0px;\n  margin: 0px 0px 15px 0px;\n}\n<\/style>\n\t<\/div>\n\n\t\n\n\t<div id=\"col-764592837\" class=\"col medium-4 small-12 large-4\"  >\n\t\t\t\t<div class=\"col-inner\"  >\n\t\t\t\n\t\t\t\n\n\n  <div class=\"banner has-hover bg-zoom-fade\" id=\"banner-968611005\">\n          <div class=\"banner-inner fill\">\n        <div class=\"banner-bg fill\" >\n            <div class=\"bg fill bg-fill \"><\/div>\n                                    \n                    <\/div>\n\t\t\n        <div class=\"banner-layers container\">\n            <a class=\"fill\" href=\"\/faltenunterspritzung-hyaluronsaeure\/\"  ><div class=\"fill banner-link\"><\/div><\/a>            \n\n   <div id=\"text-box-1051201122\" class=\"text-box banner-layer x50 md-x50 lg-x50 y80 md-y80 lg-y80 res-text\">\n                                <div class=\"text-box-content text dark\">\n              \n              <div class=\"text-inner text-center\">\n                  \n\n\t<div id=\"text-1101193058\" class=\"text\">\n\t\t\n\n<p><strong><span class=\"uppercase\">Behandling af rynker<\/span><\/strong><\/p>\n\t\t\n<style>\n#text-1101193058 {\n  font-size: 1.25rem;\n  color: rgb(0,0,0);\n}\n#text-1101193058 > * {\n  color: rgb(0,0,0);\n}\n<\/style>\n\t<\/div>\n\t\n<div class=\"is-divider divider clearfix\" ><\/div>\n\n\n              <\/div>\n           <\/div>\n                            \n<style>\n#text-box-1051201122 {\n  width: 100%;\n}\n#text-box-1051201122 .text-box-content {\n  font-size: 100%;\n}\n<\/style>\n    <\/div>\n \n\n        <\/div>\n      <\/div>\n\n            \n<style>\n#banner-968611005 {\n  padding-top: 250px;\n}\n#banner-968611005 .bg.bg-loaded {\n  background-image: url(https:\/\/www.plastischechirurgie-mallorca.com\/wp-content\/uploads\/2021\/07\/bf54b4_37d98fb67f5a4ec7acfe0050824793e0_mv2-800x800.jpg);\n}\n#banner-968611005 .bg {\n  background-position: 55% 11%;\n}\n#banner-968611005 .ux-shape-divider--top svg {\n  height: 150px;\n  --divider-top-width: 100%;\n}\n#banner-968611005 .ux-shape-divider--bottom svg {\n  height: 150px;\n  --divider-width: 100%;\n}\n<\/style>\n  <\/div>\n\n\n\n\t\t<\/div>\n\t\t\t\t\t<\/div>\n\n\t\n\n\t<div id=\"col-2144640666\" class=\"col medium-4 small-12 large-4\"  >\n\t\t\t\t<div class=\"col-inner\"  >\n\t\t\t\n\t\t\t\n\n\n  <div class=\"banner has-hover bg-zoom-fade\" id=\"banner-2063925107\">\n          <div class=\"banner-inner fill\">\n        <div class=\"banner-bg fill\" >\n            <div class=\"bg fill bg-fill \"><\/div>\n                                    \n                    <\/div>\n\t\t\n        <div class=\"banner-layers container\">\n            <a class=\"fill\" href=\"\/nasenkorrektur\/\"  ><div class=\"fill banner-link\"><\/div><\/a>            \n\n   <div id=\"text-box-1486631737\" class=\"text-box banner-layer x50 md-x50 lg-x50 y80 md-y80 lg-y80 res-text\">\n                                <div class=\"text-box-content text dark\">\n              \n              <div class=\"text-inner text-center\">\n                  \n\n\t<div id=\"text-1064908596\" class=\"text\">\n\t\t\n\n<p><strong><span class=\"uppercase\">N\u00e6sekorrektion<\/span><\/strong><\/p>\n\t\t\n<style>\n#text-1064908596 {\n  font-size: 1.25rem;\n  color: rgb(0,0,0);\n}\n#text-1064908596 > * {\n  color: rgb(0,0,0);\n}\n<\/style>\n\t<\/div>\n\t\n<div class=\"is-divider divider clearfix\" ><\/div>\n\n\n              <\/div>\n           <\/div>\n                            \n<style>\n#text-box-1486631737 {\n  width: 100%;\n}\n#text-box-1486631737 .text-box-content {\n  font-size: 100%;\n}\n<\/style>\n    <\/div>\n \n\n        <\/div>\n      <\/div>\n\n            \n<style>\n#banner-2063925107 {\n  padding-top: 250px;\n}\n#banner-2063925107 .bg.bg-loaded {\n  background-image: url(https:\/\/www.plastischechirurgie-mallorca.com\/wp-content\/uploads\/2021\/07\/de684c_a37faa76a7434faf9458502197159488_mv2-400x400.jpg);\n}\n#banner-2063925107 .bg {\n  background-position: 67% 5%;\n}\n#banner-2063925107 .ux-shape-divider--top svg {\n  height: 150px;\n  --divider-top-width: 100%;\n}\n#banner-2063925107 .ux-shape-divider--bottom svg {\n  height: 150px;\n  --divider-width: 100%;\n}\n<\/style>\n  <\/div>\n\n\n\n\t\t<\/div>\n\t\t\t\t\t<\/div>\n\n\t\n\n<\/div>\n\n\t\t<\/div>\n\t\t\t\t\t<\/div>\n\n\t\n\n\n<style>\n#row-18942388 > .col > .col-inner {\n  padding: 50px 0px 0px 0px;\n}\n<\/style>\n<\/div>\n\n\t\t<\/div>\n\n\t\t\n<style>\n#section_756964429 {\n  padding-top: 0px;\n  padding-bottom: 0px;\n}\n#section_756964429 .ux-shape-divider--top svg {\n  height: 150px;\n  --divider-top-width: 100%;\n}\n#section_756964429 .ux-shape-divider--bottom svg {\n  height: 150px;\n  --divider-width: 100%;\n}\n<\/style>\n\t<\/section>\n\t\n\t<section class=\"section dark\" id=\"section_71136270\">\n\t\t<div class=\"bg section-bg fill bg-fill  bg-loaded\" >\n\n\t\t\t\n\t\t\t\n\t\t\t\n\n\t\t<\/div>\n\n\t\t\n\n\t\t<div class=\"section-content relative\">\n\t\t\t\n\n<div class=\"row align-middle\"  id=\"row-101294514\">\n\n\n\t<div id=\"col-2127413056\" class=\"col medium-6 small-12 large-6\"  >\n\t\t\t\t<div class=\"col-inner text-left\"  >\n\t\t\t\n\t\t\t\n\n\t<div id=\"text-745835552\" class=\"text\">\n\t\t\n\n<h3>Uden forpligtelse fra Dr. Lad Christian Wolf r\u00e5dgive dig<\/h3>\n\t\t\n<style>\n#text-745835552 {\n  text-align: left;\n}\n<\/style>\n\t<\/div>\n\t\n\t<div id=\"text-305698776\" class=\"text\">\n\t\t\n\n<p>Plastikkirurgiske indgreb udf\u00f8res af rent \u00e6stetiske og funktionelle \u00e5rsager. Uanset om du beslutter dig for brystforst\u00f8rrelse, et ansigtsl\u00f8ft eller en anden behandling: Lad Dr. Wolf til at diskutere dine pr\u00e6cise ideer.<\/p>\n\t\t\n<style>\n#text-305698776 {\n  text-align: left;\n}\n<\/style>\n\t<\/div>\n\t\n\t<div id=\"gap-239625091\" class=\"gap-element clearfix\" style=\"display:block; height:auto;\">\n\t\t\n<style>\n#gap-239625091 {\n  padding-top: 30px;\n}\n<\/style>\n\t<\/div>\n\t\n\n<a href=\"\/da\/kontakt\/\" target=\"_self\" class=\"button white is-outline\"  >\n    <span>kontakt<\/span>\n  <\/a>\n\n\n<a href=\"tel:+34653544600\" target=\"_self\" class=\"button white is-outline\"  >\n    <span>+34 653 544 600<\/span>\n  <\/a>\n\n\n\n\t\t<\/div>\n\t\t\t\t\n<style>\n#col-2127413056 > .col-inner {\n  margin: 30px 0px 0px 0px;\n}\n<\/style>\n\t<\/div>\n\n\t\n\n\t<div id=\"col-1186633819\" class=\"col medium-6 small-12 large-6\"  >\n\t\t\t\t<div class=\"col-inner\"  >\n\t\t\t\n\t\t\t\n\n<div role=\"form\" class=\"wpcf7\" id=\"wpcf7-f3022-o1\" lang=\"en-US\" dir=\"ltr\">\n<div class=\"screen-reader-response\"><p role=\"status\" aria-live=\"polite\" aria-atomic=\"true\"><\/p> <ul><\/ul><\/div>\n<form action=\"\/da\/wp-json\/wp\/v2\/pages\/2994#wpcf7-f3022-o1\" method=\"post\" class=\"wpcf7-form init\" novalidate=\"novalidate\" data-status=\"init\">\n<div style=\"display: none;\">\n<input type=\"hidden\" name=\"_wpcf7\" value=\"3022\" \/>\n<input type=\"hidden\" name=\"_wpcf7_version\" value=\"5.5.6.1\" \/>\n<input type=\"hidden\" name=\"_wpcf7_locale\" value=\"en_US\" \/>\n<input type=\"hidden\" name=\"_wpcf7_unit_tag\" value=\"wpcf7-f3022-o1\" \/>\n<input type=\"hidden\" name=\"_wpcf7_container_post\" value=\"0\" \/>\n<input type=\"hidden\" name=\"_wpcf7_posted_data_hash\" value=\"\" \/>\n<\/div>\n<div class=\"form-flat\">\n<span class=\"wpcf7-form-control-wrap your-name\"><input type=\"text\" name=\"your-name\" value=\"\" size=\"40\" class=\"wpcf7-form-control wpcf7-text wpcf7-validates-as-required\" aria-required=\"true\" aria-invalid=\"false\" placeholder=\"Navn *\" \/><\/span><\/p>\n<p><span class=\"wpcf7-form-control-wrap your-email\"><input type=\"email\" name=\"your-email\" value=\"\" size=\"40\" class=\"wpcf7-form-control wpcf7-text wpcf7-email wpcf7-validates-as-required wpcf7-validates-as-email\" aria-required=\"true\" aria-invalid=\"false\" placeholder=\"Email *\" \/><\/span> <\/p>\n<p><span class=\"wpcf7-form-control-wrap your-message\"><textarea name=\"your-message\" cols=\"40\" rows=\"10\" class=\"wpcf7-form-control wpcf7-textarea\" aria-invalid=\"false\" placeholder=\"Melding\"><\/textarea><\/span> <\/p>\n<p><input type=\"submit\" value=\"Send\" class=\"wpcf7-form-control has-spinner wpcf7-submit button\" \/>\n<\/p><\/div>\n<input type=\"hidden\" id=\"ct_checkjs_cf7_5b69b9cb83065d403869739ae7f0995e\" name=\"ct_checkjs_cf7\" value=\"0\" \/><script >setTimeout(function(){var ct_input_name = \"ct_checkjs_cf7_5b69b9cb83065d403869739ae7f0995e\";if (document.getElementById(ct_input_name) !== null) {var ct_input_value = document.getElementById(ct_input_name).value;document.getElementById(ct_input_name).value = document.getElementById(ct_input_name).value.replace(ct_input_value, '0fc2008be24486f92455d65ce48809e893b6406e9cff27772a39d034e0a6c9ef');}}, 1000);<\/script><input \n        id=\"apbct__email_id__wp_contact_form_7_97210\" \n        class=\"apbct_special_field apbct__email_id__wp_contact_form_7\"\n        autocomplete=\"off\" \n        name=\"apbct__email_id__wp_contact_form_7_97210\"  \n        type=\"text\" \n        value=\"\" \n        size=\"30\" \n        maxlength=\"200\" \n    \/><input \n        id=\"apbct_event_id\"\n        class=\"apbct_special_field\"\n        name=\"apbct_event_id\"\n        type=\"hidden\" \n        value=\"97210\" \n            \/><div class=\"altcha-widget-wrap\"><altcha-widget challengeurl=\"https:\/\/www.plastischechirurgie-mallorca.com\/da\/wp-json\/altcha\/v1\/challenge\" strings=\"{&quot;error&quot;:&quot;Verification failed. Try again later.&quot;,&quot;footer&quot;:&quot;Protected by &lt;a href=\\&quot;https:\\\/\\\/altcha.org\\\/\\&quot; target=\\&quot;_blank\\&quot;&gt;ALTCHA&lt;\\\/a&gt;&quot;,&quot;label&quot;:&quot;I&#039;m not a robot&quot;,&quot;verified&quot;:&quot;Verified&quot;,&quot;verifying&quot;:&quot;Verifying...&quot;,&quot;waitAlert&quot;:&quot;Verifying... please wait.&quot;,&quot;cannot_submit&quot;:&quot;Cannot submit.&quot;}\" auto=\"onfocus\" floating=\"auto\" delay=\"1500\" hidefooter=\"1\"><\/altcha-widget><noscript><div class=\"altcha-no-javascript\">This form requires JavaScript!<\/div><\/noscript><\/div><div class=\"wpcf7-response-output\" aria-hidden=\"true\"><\/div><\/form><\/div>\n\n\n\t\t<\/div>\n\t\t\t\t\n<style>\n#col-1186633819 > .col-inner {\n  margin: 50px 0px 0px 0px;\n}\n<\/style>\n\t<\/div>\n\n\t\n\n\n<style>\n#row-101294514 > .col > .col-inner {\n  padding: 1px 0px 0px 0px;\n}\n<\/style>\n<\/div>\n\n\t\t<\/div>\n\n\t\t\n<style>\n#section_71136270 {\n  padding-top: 0px;\n  padding-bottom: 0px;\n  background-color: rgb(29, 51, 74);\n}\n#section_71136270 .ux-shape-divider--top svg {\n  height: 150px;\n  --divider-top-width: 100%;\n}\n#section_71136270 .ux-shape-divider--bottom svg {\n  height: 150px;\n  --divider-width: 100%;\n}\n<\/style>\n\t<\/section>\n\t\n\t<section class=\"section\" id=\"section_1033473628\">\n\t\t<div class=\"bg section-bg fill bg-fill  bg-loaded\" >\n\n\t\t\t\n\t\t\t\n\t\t\t\n\n\t\t<\/div>\n\n\t\t\n\n\t\t<div class=\"section-content relative\">\n\t\t\t\n\n<div class=\"row\"  id=\"row-1436020378\">\n\n\n\t<div id=\"col-1600545974\" class=\"col medium-4 small-12 large-4\"  >\n\t\t\t\t<div class=\"col-inner\"  >\n\t\t\t\n\t\t\t\n\n\t<div class=\"img has-hover x md-x lg-x y md-y lg-y\" id=\"image_324505435\">\n\t\t\t\t\t\t\t\t<div class=\"img-inner image-cover dark\" style=\"padding-top:110%;\">\n\t\t\t<img width=\"600\" height=\"400\" src=\"https:\/\/www.plastischechirurgie-mallorca.com\/wp-content\/uploads\/2021\/08\/IMG_5789-600x400.jpg\" class=\"attachment-medium size-medium\" alt=\"Plastische Chirurgie Mallorca - Sch\u00f6nheitschirurgie Dr. Christian Wolf\" loading=\"lazy\" srcset=\"https:\/\/www.plastischechirurgie-mallorca.com\/wp-content\/uploads\/2021\/08\/IMG_5789-600x400.jpg 600w, https:\/\/www.plastischechirurgie-mallorca.com\/wp-content\/uploads\/2021\/08\/IMG_5789-1200x800.jpg 1200w, https:\/\/www.plastischechirurgie-mallorca.com\/wp-content\/uploads\/2021\/08\/IMG_5789-768x512.jpg 768w, https:\/\/www.plastischechirurgie-mallorca.com\/wp-content\/uploads\/2021\/08\/IMG_5789-1536x1024.jpg 1536w, https:\/\/www.plastischechirurgie-mallorca.com\/wp-content\/uploads\/2021\/08\/IMG_5789-2048x1365.jpg 2048w\" sizes=\"(max-width: 600px) 100vw, 600px\" title=\"\">\t\t\t\t\t\t\n\t\t\t\t\t<\/div>\n\t\t\t\t\t\t\t\t\n<style>\n#image_324505435 {\n  width: 100%;\n}\n<\/style>\n\t<\/div>\n\t\n\n\n\t\t<\/div>\n\t\t\t\t\t<\/div>\n\n\t\n\n\t<div id=\"col-854462964\" class=\"col medium-8 small-12 large-8\"  >\n\t\t\t\t<div class=\"col-inner\"  >\n\t\t\t\n\t\t\t\n\n\t<div id=\"text-2787170298\" class=\"text\">\n\t\t\n\n<h3><strong>hos Dr. Wolf venter p\u00e5 dig med kompetent r\u00e5dgivning om kosmetisk kirurgi<\/strong><\/h3>\n<p>Ved optisk kirurgi b\u00f8r patientens behov altid g\u00e5 forud for l\u00e6gens idealer. dr Christian Wolf vil derfor forklare dig alle behandlingsmuligheder i en detaljeret og kompetent konsultation og ideelt set implementere dine ideer. Du vil naturligvis p\u00e5 forh\u00e5nd blive informeret om alle processer, risici og omkostninger, s\u00e5 du ikke skal forvente slemme overraskelser.<\/p>\n<h4><strong>Her finder du os p\u00e5 Mallorca<\/strong><\/h4>\n<p>Dr. Christian Wolf <br \/>(bei Taviara Aesthetics)<br \/>Carrer de Porto Pi 8, 7. Etage<br \/>ES-07015 Palma<\/p>\n\t\t\n<style>\n#text-2787170298 {\n  text-align: left;\n}\n<\/style>\n\t<\/div>\n\t\n<a rel=\"noopener noreferrer nofollow\" href=\"https:\/\/www.google.com\/maps\/place\/Dr.+Christian+Wolf\/@39.567358,2.6239671,17z\/data=!3m1!4b1!4m6!3m5!1s0x129793cc57017219:0xde642a5c6745d4c1!8m2!3d39.567358!4d2.6239671!16s%2Fg%2F11t27ng0vg?entry=ttu\" target=\"_blank\" class=\"button white is-outline\">\n    <span>GOOGLE MAPS<\/span>\n  <\/a>\n\n\n\n\t\t<\/div>\n\t\t\t\t\n<style>\n#col-854462964 > .col-inner {\n  padding: 0px 0px 0px 0px;\n  margin: -70px 0px 0px 0px;\n}\n@media (min-width:550px) {\n  #col-854462964 > .col-inner {\n    padding: 0px 0px 0px 26px;\n    margin: 0px 0px 0px 19px;\n  }\n}\n<\/style>\n\t<\/div>\n\n\t\n\n\n<style>\n#row-1436020378 > .col > .col-inner {\n  padding: 70px 0px 30px 0px;\n}\n<\/style>\n<\/div>\n\n\t\t<\/div>\n\n\t\t\n<style>\n#section_1033473628 {\n  padding-top: 0px;\n  padding-bottom: 0px;\n}\n#section_1033473628 .ux-shape-divider--top svg {\n  height: 150px;\n  --divider-top-width: 100%;\n}\n#section_1033473628 .ux-shape-divider--bottom svg {\n  height: 150px;\n  --divider-width: 100%;\n}\n<\/style>\n\t<\/section>\n\t\n\n","protected":false},"excerpt":{"rendered":"","protected":false},"author":1,"featured_media":2996,"parent":0,"menu_order":1,"comment_status":"closed","ping_status":"closed","template":"page-blank.php","meta":[],"_links":{"self":[{"href":"https:\/\/www.plastischechirurgie-mallorca.com\/da\/wp-json\/wp\/v2\/pages\/2994"}],"collection":[{"href":"https:\/\/www.plastischechirurgie-mallorca.com\/da\/wp-json\/wp\/v2\/pages"}],"about":[{"href":"https:\/\/www.plastischechirurgie-mallorca.com\/da\/wp-json\/wp\/v2\/types\/page"}],"author":[{"embeddable":true,"href":"https:\/\/www.plastischechirurgie-mallorca.com\/da\/wp-json\/wp\/v2\/users\/1"}],"replies":[{"embeddable":true,"href":"https:\/\/www.plastischechirurgie-mallorca.com\/da\/wp-json\/wp\/v2\/comments?post=2994"}],"version-history":[{"count":11,"href":"https:\/\/www.plastischechirurgie-mallorca.com\/da\/wp-json\/wp\/v2\/pages\/2994\/revisions"}],"predecessor-version":[{"id":4702,"href":"https:\/\/www.plastischechirurgie-mallorca.com\/da\/wp-json\/wp\/v2\/pages\/2994\/revisions\/4702"}],"wp:featuredmedia":[{"embeddable":true,"href":"https:\/\/www.plastischechirurgie-mallorca.com\/da\/wp-json\/wp\/v2\/media\/2996"}],"wp:attachment":[{"href":"https:\/\/www.plastischechirurgie-mallorca.com\/da\/wp-json\/wp\/v2\/media?parent=2994"}],"curies":[{"name":"wp","href":"https:\/\/api.w.org\/{rel}","templated":true}]}}