{"id":3470,"date":"2024-02-29T12:47:58","date_gmt":"2024-02-29T12:47:58","guid":{"rendered":"https:\/\/www.plastischechirurgie-mallorca.com\/?page_id=3470"},"modified":"2025-10-30T10:08:25","modified_gmt":"2025-10-30T10:08:25","slug":"facelift","status":"publish","type":"page","link":"https:\/\/www.plastischechirurgie-mallorca.com\/en\/facelift\/","title":{"rendered":"Facelift"},"content":{"rendered":"\n<div class=\"slider-wrapper relative\" id=\"slider-1138383142\" >\n    <div class=\"slider slider-nav-circle slider-nav-large slider-nav-light slider-style-normal\"\n        data-flickity-options='{\n            \"cellAlign\": \"center\",\n            \"imagesLoaded\": true,\n            \"lazyLoad\": 1,\n            \"freeScroll\": false,\n            \"wrapAround\": true,\n            \"autoPlay\": 6000,\n            \"pauseAutoPlayOnHover\" : true,\n            \"prevNextButtons\": true,\n            \"contain\" : true,\n            \"adaptiveHeight\" : true,\n            \"dragThreshold\" : 10,\n            \"percentPosition\": true,\n            \"pageDots\": false,\n            \"rightToLeft\": false,\n            \"draggable\": true,\n            \"selectedAttraction\": 0.1,\n            \"parallax\" : 0,\n            \"friction\": 0.6        }'\n        >\n        \n\n\n  <div class=\"banner has-hover has-parallax\" id=\"banner-70512026\">\n          <div class=\"banner-inner fill\">\n        <div class=\"banner-bg fill\" data-parallax=\"-6\" data-parallax-container=\".banner\" data-parallax-background>\n            <div class=\"bg fill bg-fill \"><\/div>\n                        <div class=\"overlay\"><\/div>            \n                    <\/div>\n\t\t\n        <div class=\"banner-layers container\">\n            <div class=\"fill banner-link\"><\/div>            \n\n   <div id=\"text-box-2061970513\" class=\"text-box banner-layer x50 md-x50 lg-x50 y45 md-y50 lg-y50 res-text\">\n                     <div data-animate=\"flipInY\">           <div class=\"text-box-content text dark\">\n              \n              <div class=\"text-inner text-center\">\n                  \n\n<div class=\"is-divider divider clearfix\" style=\"margin-top:3px;margin-bottom:3px;\"><\/div>\n\n\t<div id=\"text-1872120431\" class=\"text\">\n\t\t\n\n<h1 class=\"h-large uppercase\"><span style=\"font-size: 160%;\"><strong>Facelift Mallorca <\/strong><\/span><\/h1>\n\t\t\n<style>\n#text-1872120431 {\n  color: #1d334a;\n}\n#text-1872120431 > * {\n  color: #1d334a;\n}\n<\/style>\n\t<\/div>\n\t\n\t<div id=\"text-1891975568\" class=\"text\">\n\t\t\n\n<p>Facelift with the specialist Dr Wolf<\/p>\n\t\t\n<style>\n#text-1891975568 {\n  font-size: 1.75rem;\n  line-height: 0.75;\n  text-align: center;\n  color: #446084;\n}\n#text-1891975568 > * {\n  color: #446084;\n}\n<\/style>\n\t<\/div>\n\t\n<div class=\"is-divider divider clearfix\" ><\/div>\n\n<a href=\"\/en\/contact\/\" target=\"_self\" class=\"button primary is-outline\"  >\n    <span>Contact<\/span>\n  <\/a>\n\n\n<a href=\"tel:+34653544600\" target=\"_self\" class=\"button primary is-outline\"  >\n    <span>+34 653 544 600<\/span>\n  <\/a>\n\n\n\n              <\/div>\n           <\/div>\n       <\/div>                     \n<style>\n#text-box-2061970513 {\n  width: 100%;\n}\n#text-box-2061970513 .text-box-content {\n  font-size: 100%;\n}\n@media (min-width:550px) {\n  #text-box-2061970513 {\n    width: 100%;\n  }\n}\n<\/style>\n    <\/div>\n \n\n        <\/div>\n      <\/div>\n\n            \n<style>\n#banner-70512026 {\n  padding-top: 400px;\n}\n#banner-70512026 .bg.bg-loaded {\n  background-image: url(https:\/\/www.plastischechirurgie-mallorca.com\/wp-content\/uploads\/2021\/07\/bf54b4_37d98fb67f5a4ec7acfe0050824793e0_mv2.jpg);\n}\n#banner-70512026 .overlay {\n  background-color: rgba(0, 0, 0, 0.02);\n}\n#banner-70512026 .bg {\n  background-position: 70% 25%;\n}\n#banner-70512026 .ux-shape-divider--top svg {\n  height: 150px;\n  --divider-top-width: 100%;\n}\n#banner-70512026 .ux-shape-divider--bottom svg {\n  height: 150px;\n  --divider-width: 100%;\n}\n@media (min-width:550px) {\n  #banner-70512026 {\n    padding-top: 600px;\n  }\n}\n<\/style>\n  <\/div>\n\n\n\n     <\/div>\n\n     <div class=\"loading-spin dark large centered\"><\/div>\n\n     \t<\/div>\n\n\n\t<section class=\"section\" id=\"section_535033697\">\n\t\t<div class=\"bg section-bg fill bg-fill  bg-loaded\" >\n\n\t\t\t\n\t\t\t\n\t\t\t\n\n\t\t<\/div>\n\n\t\t\n\n\t\t<div class=\"section-content relative\">\n\t\t\t\n\n<div class=\"row\"  id=\"row-658467611\">\n\n\n\t<div id=\"col-311106342\" class=\"col small-12 large-12\"  >\n\t\t\t\t<div class=\"col-inner\"  >\n\t\t\t\n\t\t\t\n\n\t<div id=\"text-2023872714\" class=\"text\">\n\t\t\n\n<p>With increasing age, sagging skin on the neck and face unfortunately often occurs. Therefore, Dr. Christian Wolf offers you a <strong>facelift in Mallorca<\/strong> to boost your self-confidence through a younger appearance.<\/p>\n\t\t\n<style>\n#text-2023872714 {\n  text-align: center;\n}\n<\/style>\n\t<\/div>\n\t\n\t<div id=\"gap-565781986\" class=\"gap-element clearfix\" style=\"display:block; height:auto;\">\n\t\t\n<style>\n#gap-565781986 {\n  padding-top: 30px;\n}\n<\/style>\n\t<\/div>\n\t\n\n\t<div id=\"text-4049076481\" class=\"text\">\n\t\t\n\n<h2 style=\"text-align: center;\"><strong>Why patients choose a facelift in Mallorca with Dr Christian Wolf<\/strong><\/h2>\n\t\t\n<style>\n#text-4049076481 {\n  text-align: left;\n}\n<\/style>\n\t<\/div>\n\t\n\t<div id=\"gap-1966375682\" class=\"gap-element clearfix\" style=\"display:block; height:auto;\">\n\t\t\n<style>\n#gap-1966375682 {\n  padding-top: 30px;\n}\n<\/style>\n\t<\/div>\n\t\n\n<div class=\"row row-divided\"  id=\"row-1579458091\">\n\n\n\t<div id=\"col-896746631\" class=\"col medium-4 large-4\"  >\n\t\t\t\t<div class=\"col-inner\"  >\n\t\t\t\n\t\t\t\n\n\n\t\t<div class=\"icon-box featured-box icon-box-center text-center\"  style=\"margin:0px 0px 0px 0px;\">\n\t\t\t\t\t<div class=\"icon-box-img\" style=\"width: 20px\">\n\t\t\t\t<div class=\"icon\">\n\t\t\t\t\t<div class=\"icon-inner\" style=\"color:rgb(182, 182, 182);\">\n\t\t\t\t\t\t<img width=\"400\" height=\"400\" src=\"https:\/\/www.plastischechirurgie-mallorca.com\/wp-content\/uploads\/2021\/07\/check-solid-400x400.png\" class=\"attachment-medium size-medium\" alt=\"Check\" loading=\"lazy\" srcset=\"https:\/\/www.plastischechirurgie-mallorca.com\/wp-content\/uploads\/2021\/07\/check-solid-400x400.png 400w, https:\/\/www.plastischechirurgie-mallorca.com\/wp-content\/uploads\/2021\/07\/check-solid-280x280.png 280w, https:\/\/www.plastischechirurgie-mallorca.com\/wp-content\/uploads\/2021\/07\/check-solid.png 512w\" sizes=\"(max-width: 400px) 100vw, 400px\" title=\"\">\t\t\t\t\t<\/div>\n\t\t\t\t<\/div>\n\t\t\t<\/div>\n\t\t\t\t<div class=\"icon-box-text last-reset\">\n\t\t\t\t\t\t\t\t\t\n\n<p><strong>Intensive preliminary discussions and patient consultations<\/strong><\/p>\n\n\t\t<\/div>\n\t<\/div>\n\t\n\t\n\n\t\t<\/div>\n\t\t\t\t\t<\/div>\n\n\t\n\n\t<div id=\"col-1111405296\" class=\"col medium-4 large-4\"  >\n\t\t\t\t<div class=\"col-inner\"  >\n\t\t\t\n\t\t\t\n\n\n\t\t<div class=\"icon-box featured-box icon-box-center text-center\"  style=\"margin:0px 0px 0px 0px;\">\n\t\t\t\t\t<div class=\"icon-box-img\" style=\"width: 20px\">\n\t\t\t\t<div class=\"icon\">\n\t\t\t\t\t<div class=\"icon-inner\" style=\"color:rgb(182, 182, 182);\">\n\t\t\t\t\t\t<img width=\"400\" height=\"400\" src=\"https:\/\/www.plastischechirurgie-mallorca.com\/wp-content\/uploads\/2021\/07\/check-solid-400x400.png\" class=\"attachment-medium size-medium\" alt=\"Check\" loading=\"lazy\" srcset=\"https:\/\/www.plastischechirurgie-mallorca.com\/wp-content\/uploads\/2021\/07\/check-solid-400x400.png 400w, https:\/\/www.plastischechirurgie-mallorca.com\/wp-content\/uploads\/2021\/07\/check-solid-280x280.png 280w, https:\/\/www.plastischechirurgie-mallorca.com\/wp-content\/uploads\/2021\/07\/check-solid.png 512w\" sizes=\"(max-width: 400px) 100vw, 400px\" title=\"\">\t\t\t\t\t<\/div>\n\t\t\t\t<\/div>\n\t\t\t<\/div>\n\t\t\t\t<div class=\"icon-box-text last-reset\">\n\t\t\t\t\t\t\t\t\t\n\n<p><strong>Natural and harmonious results<\/strong><\/p>\n\n\t\t<\/div>\n\t<\/div>\n\t\n\t\n\n\t\t<\/div>\n\t\t\t\t\t<\/div>\n\n\t\n\n\t<div id=\"col-840739433\" class=\"col medium-4 large-4\"  >\n\t\t\t\t<div class=\"col-inner\"  >\n\t\t\t\n\t\t\t\n\n\n\t\t<div class=\"icon-box featured-box icon-box-center text-center\"  style=\"margin:0px 0px 0px 0px;\">\n\t\t\t\t\t<div class=\"icon-box-img\" style=\"width: 20px\">\n\t\t\t\t<div class=\"icon\">\n\t\t\t\t\t<div class=\"icon-inner\" style=\"color:rgb(182, 182, 182);\">\n\t\t\t\t\t\t<img width=\"400\" height=\"400\" src=\"https:\/\/www.plastischechirurgie-mallorca.com\/wp-content\/uploads\/2021\/07\/check-solid-400x400.png\" class=\"attachment-medium size-medium\" alt=\"Check\" loading=\"lazy\" srcset=\"https:\/\/www.plastischechirurgie-mallorca.com\/wp-content\/uploads\/2021\/07\/check-solid-400x400.png 400w, https:\/\/www.plastischechirurgie-mallorca.com\/wp-content\/uploads\/2021\/07\/check-solid-280x280.png 280w, https:\/\/www.plastischechirurgie-mallorca.com\/wp-content\/uploads\/2021\/07\/check-solid.png 512w\" sizes=\"(max-width: 400px) 100vw, 400px\" title=\"\">\t\t\t\t\t<\/div>\n\t\t\t\t<\/div>\n\t\t\t<\/div>\n\t\t\t\t<div class=\"icon-box-text last-reset\">\n\t\t\t\t\t\t\t\t\t\n\n<p><strong>State-of-the-art treatment techniques and methods<\/strong><\/p>\n\n\t\t<\/div>\n\t<\/div>\n\t\n\t\n\n\t\t<\/div>\n\t\t\t\t\t<\/div>\n\n\t\n\n<\/div>\n<div class=\"row row-divided\"  id=\"row-64594140\">\n\n\n\t<div id=\"col-1352486648\" class=\"col medium-6 large-6\"  >\n\t\t\t\t<div class=\"col-inner\"  >\n\t\t\t\n\t\t\t\n\n\n\t\t<div class=\"icon-box featured-box icon-box-center text-center\"  style=\"margin:0px 0px 0px 0px;\">\n\t\t\t\t\t<div class=\"icon-box-img\" style=\"width: 20px\">\n\t\t\t\t<div class=\"icon\">\n\t\t\t\t\t<div class=\"icon-inner\" style=\"color:rgb(182, 182, 182);\">\n\t\t\t\t\t\t<img width=\"400\" height=\"400\" src=\"https:\/\/www.plastischechirurgie-mallorca.com\/wp-content\/uploads\/2021\/07\/check-solid-400x400.png\" class=\"attachment-medium size-medium\" alt=\"Check\" loading=\"lazy\" srcset=\"https:\/\/www.plastischechirurgie-mallorca.com\/wp-content\/uploads\/2021\/07\/check-solid-400x400.png 400w, https:\/\/www.plastischechirurgie-mallorca.com\/wp-content\/uploads\/2021\/07\/check-solid-280x280.png 280w, https:\/\/www.plastischechirurgie-mallorca.com\/wp-content\/uploads\/2021\/07\/check-solid.png 512w\" sizes=\"(max-width: 400px) 100vw, 400px\" title=\"\">\t\t\t\t\t<\/div>\n\t\t\t\t<\/div>\n\t\t\t<\/div>\n\t\t\t\t<div class=\"icon-box-text last-reset\">\n\t\t\t\t\t\t\t\t\t\n\n<p><strong>Years of experience in the field of plastic and aesthetic surgery<\/strong><\/p>\n\n\t\t<\/div>\n\t<\/div>\n\t\n\t\n\n\t\t<\/div>\n\t\t\t\t\t<\/div>\n\n\t\n\n\t<div id=\"col-980182126\" class=\"col medium-6 large-6\"  >\n\t\t\t\t<div class=\"col-inner\"  >\n\t\t\t\n\t\t\t\n\n\n\t\t<div class=\"icon-box featured-box icon-box-center text-center\"  style=\"margin:0px 0px 0px 0px;\">\n\t\t\t\t\t<div class=\"icon-box-img\" style=\"width: 20px\">\n\t\t\t\t<div class=\"icon\">\n\t\t\t\t\t<div class=\"icon-inner\" style=\"color:rgb(182, 182, 182);\">\n\t\t\t\t\t\t<img width=\"400\" height=\"400\" src=\"https:\/\/www.plastischechirurgie-mallorca.com\/wp-content\/uploads\/2021\/07\/check-solid-400x400.png\" class=\"attachment-medium size-medium\" alt=\"Check\" loading=\"lazy\" srcset=\"https:\/\/www.plastischechirurgie-mallorca.com\/wp-content\/uploads\/2021\/07\/check-solid-400x400.png 400w, https:\/\/www.plastischechirurgie-mallorca.com\/wp-content\/uploads\/2021\/07\/check-solid-280x280.png 280w, https:\/\/www.plastischechirurgie-mallorca.com\/wp-content\/uploads\/2021\/07\/check-solid.png 512w\" sizes=\"(max-width: 400px) 100vw, 400px\" title=\"\">\t\t\t\t\t<\/div>\n\t\t\t\t<\/div>\n\t\t\t<\/div>\n\t\t\t\t<div class=\"icon-box-text last-reset\">\n\t\t\t\t\t\t\t\t\t\n\n<p><strong>Combination options with other facial procedures<\/strong><\/p>\n\n\t\t<\/div>\n\t<\/div>\n\t\n\t\n\n\t\t<\/div>\n\t\t\t\t\t<\/div>\n\n\t\n\n<\/div>\n\n\t\t<\/div>\n\t\t\t\t\t<\/div>\n\n\t\n\n\n<style>\n#row-658467611 > .col > .col-inner {\n  padding: 50px 0px 0px 0px;\n}\n<\/style>\n<\/div>\n\t<div id=\"gap-936894569\" class=\"gap-element clearfix\" style=\"display:block; height:auto;\">\n\t\t\n<style>\n#gap-936894569 {\n  padding-top: 30px;\n}\n<\/style>\n\t<\/div>\n\t\n\n\n\t\t<\/div>\n\n\t\t\n<style>\n#section_535033697 {\n  padding-top: 0px;\n  padding-bottom: 0px;\n}\n#section_535033697 .ux-shape-divider--top svg {\n  height: 150px;\n  --divider-top-width: 100%;\n}\n#section_535033697 .ux-shape-divider--bottom svg {\n  height: 150px;\n  --divider-width: 100%;\n}\n<\/style>\n\t<\/section>\n\t\n\t<section class=\"section\" id=\"section_1494285195\">\n\t\t<div class=\"bg section-bg fill bg-fill  bg-loaded\" >\n\n\t\t\t\n\t\t\t\n\t\t\t\n\n\t\t<\/div>\n\n\t\t\n\n\t\t<div class=\"section-content relative\">\n\t\t\t\n\n<div class=\"row\"  id=\"row-1553519656\">\n\n\n\t<div id=\"col-792655208\" class=\"col small-12 large-12\"  >\n\t\t\t\t<div class=\"col-inner\"  >\n\t\t\t\n\t\t\t\n\n<div class=\"container section-title-container\" ><h4 class=\"section-title section-title-center\"><b><\/b><span class=\"section-title-main\" >Memberships<\/span><b><\/b><\/h4><\/div>\n\n\n\t\t<\/div>\n\t\t\t\t\n<style>\n#col-792655208 > .col-inner {\n  margin: 0px 0px -50px 0px;\n}\n<\/style>\n\t<\/div>\n\n\t\n\n<\/div>\n<div class=\"row align-center\"  id=\"row-2007096148\">\n\n\n\t<div id=\"col-988720177\" class=\"col medium-4 small-12 large-4\"  >\n\t\t\t\t<div class=\"col-inner\"  >\n\t\t\t\n\t\t\t\n\n\t<div class=\"img has-hover x md-x lg-x y md-y lg-y\" id=\"image_211807378\">\n\t\t\t\t\t\t\t\t<div class=\"img-inner dark\" >\n\t\t\t<img width=\"946\" height=\"366\" src=\"https:\/\/www.plastischechirurgie-mallorca.com\/wp-content\/uploads\/2021\/07\/TM-ISAPS.png\" class=\"attachment-large size-large\" alt=\"ISAPS\" loading=\"lazy\" srcset=\"https:\/\/www.plastischechirurgie-mallorca.com\/wp-content\/uploads\/2021\/07\/TM-ISAPS.png 946w, https:\/\/www.plastischechirurgie-mallorca.com\/wp-content\/uploads\/2021\/07\/TM-ISAPS-800x310.png 800w, https:\/\/www.plastischechirurgie-mallorca.com\/wp-content\/uploads\/2021\/07\/TM-ISAPS-768x297.png 768w\" sizes=\"(max-width: 946px) 100vw, 946px\" title=\"\">\t\t\t\t\t\t\n\t\t\t\t\t<\/div>\n\t\t\t\t\t\t\t\t\n<style>\n#image_211807378 {\n  width: 80%;\n}\n<\/style>\n\t<\/div>\n\t\n\n\n\t\t<\/div>\n\t\t\t\t\n<style>\n#col-988720177 > .col-inner {\n  margin: 0px 0px 15px 0px;\n}\n<\/style>\n\t<\/div>\n\n\t\n\n\t<div id=\"col-57926885\" class=\"col medium-4 small-12 large-4\"  >\n\t\t\t\t<div class=\"col-inner\"  >\n\t\t\t\n\t\t\t\n\n\t<div class=\"img has-hover x md-x lg-x y md-y lg-y\" id=\"image_301532129\">\n\t\t\t\t\t\t\t\t<div class=\"img-inner dark\" style=\"margin:20px 0px 0px 0px;\">\n\t\t\t<img width=\"1020\" height=\"303\" src=\"https:\/\/www.plastischechirurgie-mallorca.com\/wp-content\/uploads\/2021\/07\/logosmall-1400x416.png\" class=\"attachment-large size-large\" alt=\"\u00d6sterreichische Gesellschaft f\u00fcr Plastische, \u00c4sthetische und Rekonstruktive Chirurgie\" loading=\"lazy\" srcset=\"https:\/\/www.plastischechirurgie-mallorca.com\/wp-content\/uploads\/2021\/07\/logosmall-1400x416.png 1400w, https:\/\/www.plastischechirurgie-mallorca.com\/wp-content\/uploads\/2021\/07\/logosmall-800x237.png 800w, https:\/\/www.plastischechirurgie-mallorca.com\/wp-content\/uploads\/2021\/07\/logosmall-768x228.png 768w, https:\/\/www.plastischechirurgie-mallorca.com\/wp-content\/uploads\/2021\/07\/logosmall.png 1432w\" sizes=\"(max-width: 1020px) 100vw, 1020px\" title=\"\">\t\t\t\t\t\t\n\t\t\t\t\t<\/div>\n\t\t\t\t\t\t\t\t\n<style>\n#image_301532129 {\n  width: 80%;\n}\n<\/style>\n\t<\/div>\n\t\n\n\n\t\t<\/div>\n\t\t\t\t\t<\/div>\n\n\t\n\n\n<style>\n#row-2007096148 > .col > .col-inner {\n  padding: 10px 0px 10px 0px;\n}\n<\/style>\n<\/div>\n\n\t\t<\/div>\n\n\t\t\n<style>\n#section_1494285195 {\n  padding-top: 0px;\n  padding-bottom: 0px;\n}\n#section_1494285195 .ux-shape-divider--top svg {\n  height: 150px;\n  --divider-top-width: 100%;\n}\n#section_1494285195 .ux-shape-divider--bottom svg {\n  height: 150px;\n  --divider-width: 100%;\n}\n<\/style>\n\t<\/section>\n\t\n\t<section class=\"section dark\" id=\"section_289963434\">\n\t\t<div class=\"bg section-bg fill bg-fill  bg-loaded\" >\n\n\t\t\t\n\t\t\t\n\t\t\t\n\n\t\t<\/div>\n\n\t\t\n\n\t\t<div class=\"section-content relative\">\n\t\t\t\n\n<div class=\"row\"  id=\"row-1351952737\">\n\n\n\t<div id=\"col-285020122\" class=\"col small-12 large-12\"  >\n\t\t\t\t<div class=\"col-inner\"  >\n\t\t\t\n\t\t\t\n\n<div class=\"container section-title-container\" ><h2 class=\"section-title section-title-center\"><b><\/b><span class=\"section-title-main\" >FACELIFT WITH DR CHRISTIAN WOLF - WHO IS SUITABLE FOR A FACELIFT?<\/span><b><\/b><\/h2><\/div>\n\n\t<div id=\"text-2207171362\" class=\"text\">\n\t\t\n\n<p>With a facelift, it is possible to make the skin appear up to 15 years younger. In the following video, you will learn all the important information about a facelift from the expert Dr Christian Wolf.<\/p>\n<p><iframe loading=\"lazy\" title=\"Sicher und gut informiert: Deine Top Fragen zum Facelift bei Dr. Wolf\" width=\"1020\" height=\"574\" src=\"https:\/\/www.youtube.com\/embed\/Ov_-smBw5WY?feature=oembed\" frameborder=\"0\" allow=\"accelerometer; autoplay; clipboard-write; encrypted-media; gyroscope; picture-in-picture; web-share\" allowfullscreen><\/iframe>\n<\/p>\n\t\t\n<style>\n#text-2207171362 {\n  text-align: left;\n}\n@media (min-width:550px) {\n  #text-2207171362 {\n    text-align: center;\n  }\n}\n<\/style>\n\t<\/div>\n\t\n\n\t\t<\/div>\n\t\t\t\t\t<\/div>\n\n\t\n\n\n<style>\n#row-1351952737 > .col > .col-inner {\n  padding: 50px 0px 0px 0px;\n}\n<\/style>\n<\/div>\n\n\t\t<\/div>\n\n\t\t\n<style>\n#section_289963434 {\n  padding-top: 0px;\n  padding-bottom: 0px;\n  background-color: #1d334a;\n}\n#section_289963434 .ux-shape-divider--top svg {\n  height: 150px;\n  --divider-top-width: 100%;\n}\n#section_289963434 .ux-shape-divider--bottom svg {\n  height: 150px;\n  --divider-width: 100%;\n}\n<\/style>\n\t<\/section>\n\t\n\t<section class=\"section\" id=\"section_1304739651\">\n\t\t<div class=\"bg section-bg fill bg-fill  bg-loaded\" >\n\n\t\t\t\n\t\t\t\n\t\t\t\n\n\t\t<\/div>\n\n\t\t\n\n\t\t<div class=\"section-content relative\">\n\t\t\t\n\n<div class=\"container section-title-container\" ><h2 class=\"section-title section-title-center\"><b><\/b><span class=\"section-title-main\" >What patients say about the facelift treatment with Dr Christian Wolf<\/span><b><\/b><\/h2><\/div>\n\n<div class=\"row\"  id=\"row-1082978067\">\n\n\n\t<div id=\"col-960766625\" class=\"col medium-6 small-12 large-6\"  >\n\t\t\t\t<div class=\"col-inner\"  >\n\t\t\t\n\t\t\t\n\n  <div class=\"icon-box testimonial-box icon-box-center text-center\">\n                <div class=\"icon-box-text p-last-0\">\n          <div class=\"star-rating\"><span style=\"width:100%\"><strong class=\"rating\"><\/strong><\/span><\/div>  \t\t\t\t<div class=\"testimonial-text line-height-small italic test_text first-reset last-reset is-italic\">\n            \n\n<p><strong>Gabriele F.<br \/><\/strong><\/p>\n<p>I have been living in Mallorca for \u00bd a year and went to see Dr Wolf, a specialist in plastic, aesthetic and reconstructive surgery, based on a recommendation &#8211; he also has a very appealing practice in Mallorca \/ Palma.<\/p>\n<p>Dr Wolf seemed to me to be extremely competent, personable and at the same time sensitive to my wishes. He gave me first-class advice in all matters, which is not the case with every plastic surgeon today. In the meantime, I have had several treatments carried out by Dr Wolf and I am absolutely satisfied. The aftercare was always first class, which is extremely important.<\/p>\n<p>I can recommend Dr Wolf with a clear conscience, am already looking forward to my next appointment and would like to take this opportunity to thank Dr Wolf and his team for the always excellent results.<\/p>\n\n          <\/div>\n          <div class=\"testimonial-meta pt-half\">\n             <strong class=\"testimonial-name test_name\"><\/strong>\n                          <span class=\"testimonial-company test_company\"><\/span>\n          <\/div>\n        <\/div>\n  <\/div>\n\n  \n\t<div id=\"text-1017313990\" class=\"text\">\n\t\t\n\n<p><strong>03.2024 \/ Find more reviews on google.de <a href=\"https:\/\/www.google.com\/maps\/place\/Dr.+Christian+Wolf\/@39.567358,2.6239671,17z\/data=!3m1!5s0x129793b4cdb9e2f7:0xb826498a98a4c1cb!4m8!3m7!1s0x129793cc57017219:0xde642a5c6745d4c1!8m2!3d39.567358!4d2.6239671!9m1!1b1!16s%2Fg%2F11t27ng0vg?entry=ttu\" target=\"_blank\" rel=\"noopener\">here.<\/a><\/strong><\/p>\n\t\t\n<style>\n#text-1017313990 {\n  font-size: 0.9rem;\n  text-align: center;\n}\n<\/style>\n\t<\/div>\n\t\n\n\t\t<\/div>\n\t\t\t\t\t<\/div>\n\n\t\n\n\t<div id=\"col-525136270\" class=\"col medium-6 small-12 large-6\"  >\n\t\t\t\t<div class=\"col-inner\"  >\n\t\t\t\n\t\t\t\n\n  <div class=\"icon-box testimonial-box icon-box-center text-center\">\n                <div class=\"icon-box-text p-last-0\">\n          <div class=\"star-rating\"><span style=\"width:100%\"><strong class=\"rating\"><\/strong><\/span><\/div>  \t\t\t\t<div class=\"testimonial-text line-height-small italic test_text first-reset last-reset is-italic\">\n            \n\n\t<div id=\"text-881501402\" class=\"text\">\n\t\t\n\n<p><strong>Ruben A.<br \/><\/strong><\/p>\n<p>Dr Christian Wolf is an outstanding doctor whose expertise and empathy set him apart. He always takes the time to respond to his patients&#8217; needs and explains treatment options clearly and comprehensibly.<\/p>\n<p>His friendly and attentive manner creates a pleasant atmosphere in the practice. I have always felt well looked after by him and can highly recommend him.<\/p>\n\t\t\n<style>\n#text-881501402 {\n  text-align: center;\n}\n<\/style>\n\t<\/div>\n\t\n\n          <\/div>\n          <div class=\"testimonial-meta pt-half\">\n             <strong class=\"testimonial-name test_name\"><\/strong>\n                          <span class=\"testimonial-company test_company\"><\/span>\n          <\/div>\n        <\/div>\n  <\/div>\n\n  \n\t<div id=\"text-1226193087\" class=\"text\">\n\t\t\n\n<p><strong>03.2024 \/ Find more reviews on google.de <a href=\"https:\/\/www.google.com\/maps\/place\/Dr.+Christian+Wolf\/@39.567358,2.6239671,17z\/data=!3m1!5s0x129793b4cdb9e2f7:0xb826498a98a4c1cb!4m8!3m7!1s0x129793cc57017219:0xde642a5c6745d4c1!8m2!3d39.567358!4d2.6239671!9m1!1b1!16s%2Fg%2F11t27ng0vg?entry=ttu\" target=\"_blank\" rel=\"noopener\">here.<\/a><\/strong><\/p>\n\t\t\n<style>\n#text-1226193087 {\n  font-size: 0.9rem;\n  text-align: center;\n}\n<\/style>\n\t<\/div>\n\t\n\n\t\t<\/div>\n\t\t\t\t\t<\/div>\n\n\t\n\n<\/div>\n\n\t\t<\/div>\n\n\t\t\n<style>\n#section_1304739651 {\n  padding-top: 30px;\n  padding-bottom: 30px;\n}\n#section_1304739651 .ux-shape-divider--top svg {\n  height: 150px;\n  --divider-top-width: 100%;\n}\n#section_1304739651 .ux-shape-divider--bottom svg {\n  height: 150px;\n  --divider-width: 100%;\n}\n<\/style>\n\t<\/section>\n\t\n\t<section class=\"section dark\" id=\"section_1348329950\">\n\t\t<div class=\"bg section-bg fill bg-fill  bg-loaded\" >\n\n\t\t\t\n\t\t\t\n\t\t\t\n\n\t\t<\/div>\n\n\t\t\n\n\t\t<div class=\"section-content relative\">\n\t\t\t\n\n<div class=\"row\"  id=\"row-372196069\">\n\n\n\t<div id=\"col-1925675512\" class=\"col small-12 large-12\"  >\n\t\t\t\t<div class=\"col-inner\"  >\n\t\t\t\n\t\t\t\n\n<div class=\"container section-title-container\" ><h2 class=\"section-title section-title-center\"><b><\/b><span class=\"section-title-main\" >Your advantages of a facelift with Dr Christian Wolf<\/span><b><\/b><\/h2><\/div>\n\n\t<div id=\"gap-2048894662\" class=\"gap-element clearfix\" style=\"display:block; height:auto;\">\n\t\t\n<style>\n#gap-2048894662 {\n  padding-top: 30px;\n}\n<\/style>\n\t<\/div>\n\t\n\n<div class=\"row row-divided\"  id=\"row-113417271\">\n\n\n\t<div id=\"col-1157629155\" class=\"col medium-4 large-4\"  >\n\t\t\t\t<div class=\"col-inner\"  >\n\t\t\t\n\t\t\t\n\n\n\t\t<div class=\"icon-box featured-box icon-box-center text-center\"  style=\"margin:0px 0px 0px 0px;\">\n\t\t\t\t\t<div class=\"icon-box-img has-icon-bg\" style=\"width: 46px\">\n\t\t\t\t<div class=\"icon\">\n\t\t\t\t\t<div class=\"icon-inner\" style=\"border-width:2px;color:rgb(182, 182, 182);\">\n\t\t\t\t\t\t<img width=\"400\" height=\"400\" src=\"https:\/\/www.plastischechirurgie-mallorca.com\/wp-content\/uploads\/2021\/07\/check-solid-white-400x400.png\" class=\"attachment-medium size-medium\" alt=\"Check\" loading=\"lazy\" srcset=\"https:\/\/www.plastischechirurgie-mallorca.com\/wp-content\/uploads\/2021\/07\/check-solid-white-400x400.png 400w, https:\/\/www.plastischechirurgie-mallorca.com\/wp-content\/uploads\/2021\/07\/check-solid-white-280x280.png 280w, https:\/\/www.plastischechirurgie-mallorca.com\/wp-content\/uploads\/2021\/07\/check-solid-white.png 512w\" sizes=\"(max-width: 400px) 100vw, 400px\" title=\"\">\t\t\t\t\t<\/div>\n\t\t\t\t<\/div>\n\t\t\t<\/div>\n\t\t\t\t<div class=\"icon-box-text last-reset\">\n\t\t\t\t\t\t\t\t\t\n\n<p>No-obligation initial meeting to address all questions<\/p>\n\n\t\t<\/div>\n\t<\/div>\n\t\n\t\n\n\t\t<\/div>\n\t\t\t\t\t<\/div>\n\n\t\n\n\t<div id=\"col-2075123334\" class=\"col medium-4 large-4\"  >\n\t\t\t\t<div class=\"col-inner\"  >\n\t\t\t\n\t\t\t\n\n\n\t\t<div class=\"icon-box featured-box icon-box-center text-center\"  style=\"margin:0px 0px 0px 0px;\">\n\t\t\t\t\t<div class=\"icon-box-img has-icon-bg\" style=\"width: 46px\">\n\t\t\t\t<div class=\"icon\">\n\t\t\t\t\t<div class=\"icon-inner\" style=\"border-width:2px;color:rgb(182, 182, 182);\">\n\t\t\t\t\t\t<img width=\"400\" height=\"400\" src=\"https:\/\/www.plastischechirurgie-mallorca.com\/wp-content\/uploads\/2021\/07\/check-solid-white-400x400.png\" class=\"attachment-medium size-medium\" alt=\"Check\" loading=\"lazy\" srcset=\"https:\/\/www.plastischechirurgie-mallorca.com\/wp-content\/uploads\/2021\/07\/check-solid-white-400x400.png 400w, https:\/\/www.plastischechirurgie-mallorca.com\/wp-content\/uploads\/2021\/07\/check-solid-white-280x280.png 280w, https:\/\/www.plastischechirurgie-mallorca.com\/wp-content\/uploads\/2021\/07\/check-solid-white.png 512w\" sizes=\"(max-width: 400px) 100vw, 400px\" title=\"\">\t\t\t\t\t<\/div>\n\t\t\t\t<\/div>\n\t\t\t<\/div>\n\t\t\t\t<div class=\"icon-box-text last-reset\">\n\t\t\t\t\t\t\t\t\t\n\n<p>Individual consultation and  information material to take home<\/p>\n\n\t\t<\/div>\n\t<\/div>\n\t\n\t\n\n\t\t<\/div>\n\t\t\t\t\t<\/div>\n\n\t\n\n\t<div id=\"col-448558239\" class=\"col medium-4 large-4\"  >\n\t\t\t\t<div class=\"col-inner\"  >\n\t\t\t\n\t\t\t\n\n\n\t\t<div class=\"icon-box featured-box icon-box-center text-center\"  style=\"margin:0px 0px 0px 0px;\">\n\t\t\t\t\t<div class=\"icon-box-img has-icon-bg\" style=\"width: 46px\">\n\t\t\t\t<div class=\"icon\">\n\t\t\t\t\t<div class=\"icon-inner\" style=\"border-width:2px;color:rgb(182, 182, 182);\">\n\t\t\t\t\t\t<img width=\"400\" height=\"400\" src=\"https:\/\/www.plastischechirurgie-mallorca.com\/wp-content\/uploads\/2021\/07\/check-solid-white-400x400.png\" class=\"attachment-medium size-medium\" alt=\"Check\" loading=\"lazy\" srcset=\"https:\/\/www.plastischechirurgie-mallorca.com\/wp-content\/uploads\/2021\/07\/check-solid-white-400x400.png 400w, https:\/\/www.plastischechirurgie-mallorca.com\/wp-content\/uploads\/2021\/07\/check-solid-white-280x280.png 280w, https:\/\/www.plastischechirurgie-mallorca.com\/wp-content\/uploads\/2021\/07\/check-solid-white.png 512w\" sizes=\"(max-width: 400px) 100vw, 400px\" title=\"\">\t\t\t\t\t<\/div>\n\t\t\t\t<\/div>\n\t\t\t<\/div>\n\t\t\t\t<div class=\"icon-box-text last-reset\">\n\t\t\t\t\t\t\t\t\t\n\n<p>We always focus on the wishes and needs of our patients<\/p>\n\n\t\t<\/div>\n\t<\/div>\n\t\n\t\n\n\t\t<\/div>\n\t\t\t\t\t<\/div>\n\n\t\n\n<\/div>\n\t<div id=\"gap-50849014\" class=\"gap-element clearfix\" style=\"display:block; height:auto;\">\n\t\t\n<style>\n#gap-50849014 {\n  padding-top: 30px;\n}\n<\/style>\n\t<\/div>\n\t\n\n<div class=\"row row-divided\"  id=\"row-1444931262\">\n\n\n\t<div id=\"col-23066817\" class=\"col medium-4 large-4\"  >\n\t\t\t\t<div class=\"col-inner\"  >\n\t\t\t\n\t\t\t\n\n\n\t\t<div class=\"icon-box featured-box icon-box-center text-center\"  style=\"margin:0px 0px 0px 0px;\">\n\t\t\t\t\t<div class=\"icon-box-img has-icon-bg\" style=\"width: 46px\">\n\t\t\t\t<div class=\"icon\">\n\t\t\t\t\t<div class=\"icon-inner\" style=\"border-width:2px;color:rgb(182, 182, 182);\">\n\t\t\t\t\t\t<img width=\"400\" height=\"400\" src=\"https:\/\/www.plastischechirurgie-mallorca.com\/wp-content\/uploads\/2021\/07\/check-solid-white-400x400.png\" class=\"attachment-medium size-medium\" alt=\"Check\" loading=\"lazy\" srcset=\"https:\/\/www.plastischechirurgie-mallorca.com\/wp-content\/uploads\/2021\/07\/check-solid-white-400x400.png 400w, https:\/\/www.plastischechirurgie-mallorca.com\/wp-content\/uploads\/2021\/07\/check-solid-white-280x280.png 280w, https:\/\/www.plastischechirurgie-mallorca.com\/wp-content\/uploads\/2021\/07\/check-solid-white.png 512w\" sizes=\"(max-width: 400px) 100vw, 400px\" title=\"\">\t\t\t\t\t<\/div>\n\t\t\t\t<\/div>\n\t\t\t<\/div>\n\t\t\t\t<div class=\"icon-box-text last-reset\">\n\t\t\t\t\t\t\t\t\t\n\n<p>Each person is treated individually, as everyone has different needs<\/p>\n\n\t\t<\/div>\n\t<\/div>\n\t\n\t\n\n\t\t<\/div>\n\t\t\t\t\t<\/div>\n\n\t\n\n\t<div id=\"col-2021668440\" class=\"col medium-4 large-4\"  >\n\t\t\t\t<div class=\"col-inner\"  >\n\t\t\t\n\t\t\t\n\n\n\t\t<div class=\"icon-box featured-box icon-box-center text-center\"  style=\"margin:0px 0px 0px 0px;\">\n\t\t\t\t\t<div class=\"icon-box-img has-icon-bg\" style=\"width: 46px\">\n\t\t\t\t<div class=\"icon\">\n\t\t\t\t\t<div class=\"icon-inner\" style=\"border-width:2px;color:rgb(182, 182, 182);\">\n\t\t\t\t\t\t<img width=\"400\" height=\"400\" src=\"https:\/\/www.plastischechirurgie-mallorca.com\/wp-content\/uploads\/2021\/07\/check-solid-white-400x400.png\" class=\"attachment-medium size-medium\" alt=\"Check\" loading=\"lazy\" srcset=\"https:\/\/www.plastischechirurgie-mallorca.com\/wp-content\/uploads\/2021\/07\/check-solid-white-400x400.png 400w, https:\/\/www.plastischechirurgie-mallorca.com\/wp-content\/uploads\/2021\/07\/check-solid-white-280x280.png 280w, https:\/\/www.plastischechirurgie-mallorca.com\/wp-content\/uploads\/2021\/07\/check-solid-white.png 512w\" sizes=\"(max-width: 400px) 100vw, 400px\" title=\"\">\t\t\t\t\t<\/div>\n\t\t\t\t<\/div>\n\t\t\t<\/div>\n\t\t\t\t<div class=\"icon-box-text last-reset\">\n\t\t\t\t\t\t\t\t\t\n\n<p>Long-term care by specialist Dr Christian Wolf<\/p>\n\n\t\t<\/div>\n\t<\/div>\n\t\n\t\n\n\t\t<\/div>\n\t\t\t\t\t<\/div>\n\n\t\n\n\t<div id=\"col-1695411995\" class=\"col medium-4 large-4\"  >\n\t\t\t\t<div class=\"col-inner\"  >\n\t\t\t\n\t\t\t\n\n\n\t\t<div class=\"icon-box featured-box icon-box-center text-center\"  style=\"margin:0px 0px 0px 0px;\">\n\t\t\t\t\t<div class=\"icon-box-img has-icon-bg\" style=\"width: 46px\">\n\t\t\t\t<div class=\"icon\">\n\t\t\t\t\t<div class=\"icon-inner\" style=\"border-width:2px;color:rgb(182, 182, 182);\">\n\t\t\t\t\t\t<img width=\"400\" height=\"400\" src=\"https:\/\/www.plastischechirurgie-mallorca.com\/wp-content\/uploads\/2021\/07\/check-solid-white-400x400.png\" class=\"attachment-medium size-medium\" alt=\"Check\" loading=\"lazy\" srcset=\"https:\/\/www.plastischechirurgie-mallorca.com\/wp-content\/uploads\/2021\/07\/check-solid-white-400x400.png 400w, https:\/\/www.plastischechirurgie-mallorca.com\/wp-content\/uploads\/2021\/07\/check-solid-white-280x280.png 280w, https:\/\/www.plastischechirurgie-mallorca.com\/wp-content\/uploads\/2021\/07\/check-solid-white.png 512w\" sizes=\"(max-width: 400px) 100vw, 400px\" title=\"\">\t\t\t\t\t<\/div>\n\t\t\t\t<\/div>\n\t\t\t<\/div>\n\t\t\t\t<div class=\"icon-box-text last-reset\">\n\t\t\t\t\t\t\t\t\t\n\n<p>Treatment methods based on the latest scientific findings<\/p>\n\n\t\t<\/div>\n\t<\/div>\n\t\n\t\n\n\t\t<\/div>\n\t\t\t\t\t<\/div>\n\n\t\n\n<\/div>\n\t<div id=\"gap-1912422745\" class=\"gap-element clearfix\" style=\"display:block; height:auto;\">\n\t\t\n<style>\n#gap-1912422745 {\n  padding-top: 30px;\n}\n<\/style>\n\t<\/div>\n\t\n\n\n\t\t<\/div>\n\t\t\t\t\n<style>\n#col-1925675512 > .col-inner {\n  margin: 0px 0px 15px 0px;\n}\n<\/style>\n\t<\/div>\n\n\t\n\n\n<style>\n#row-372196069 > .col > .col-inner {\n  padding: 50px 0px 0px 0px;\n}\n<\/style>\n<\/div>\n\n\t\t<\/div>\n\n\t\t\n<style>\n#section_1348329950 {\n  padding-top: 0px;\n  padding-bottom: 0px;\n  background-color: rgb(29, 51, 74);\n}\n#section_1348329950 .ux-shape-divider--top svg {\n  height: 150px;\n  --divider-top-width: 100%;\n}\n#section_1348329950 .ux-shape-divider--bottom svg {\n  height: 150px;\n  --divider-width: 100%;\n}\n<\/style>\n\t<\/section>\n\t\n\t<section class=\"section\" id=\"section_2040428383\">\n\t\t<div class=\"bg section-bg fill bg-fill  bg-loaded\" >\n\n\t\t\t\n\t\t\t\n\t\t\t\n\n\t\t<\/div>\n\n\t\t\n\n\t\t<div class=\"section-content relative\">\n\t\t\t\n\n<div class=\"row\"  id=\"row-110660754\">\n\n\n\t<div id=\"col-1252814573\" class=\"col small-12 large-12\"  >\n\t\t\t\t<div class=\"col-inner\"  >\n\t\t\t\n\t\t\t\n\n\t<div id=\"text-3884119300\" class=\"text\">\n\t\t\n\n<h2>Brief information on Facelift<\/h2>\n\t\t\n<style>\n#text-3884119300 {\n  text-align: center;\n}\n<\/style>\n\t<\/div>\n\t\n\t<div id=\"gap-583123288\" class=\"gap-element clearfix\" style=\"display:block; height:auto;\">\n\t\t\n<style>\n#gap-583123288 {\n  padding-top: 30px;\n}\n<\/style>\n\t<\/div>\n\t\n\n<div class=\"row row-divided\"  id=\"row-1184448547\">\n\n\n\t<div id=\"col-1056082733\" class=\"col medium-4 large-4\"  >\n\t\t\t\t<div class=\"col-inner\"  >\n\t\t\t\n\t\t\t\n\n\n\t\t<div class=\"icon-box featured-box icon-box-center text-center\"  style=\"margin:0px 0px 0px 0px;\">\n\t\t\t\t<div class=\"icon-box-text last-reset\">\n\t\t\t\t\t\t\t\t\t\n\n<p><strong>Duration of surgery:<\/strong><br \/>2 &#8211; 3 hours<\/p>\n\n\t\t<\/div>\n\t<\/div>\n\t\n\t\n\n\t\t<\/div>\n\t\t\t\t\t<\/div>\n\n\t\n\n\t<div id=\"col-730535345\" class=\"col medium-4 large-4\"  >\n\t\t\t\t<div class=\"col-inner\"  >\n\t\t\t\n\t\t\t\n\n\n\t\t<div class=\"icon-box featured-box icon-box-center text-center\"  style=\"margin:0px 0px 0px 0px;\">\n\t\t\t\t<div class=\"icon-box-text last-reset\">\n\t\t\t\t\t\t\t\t\t\n\n<p><strong>Stitch Removal:<br \/><\/strong>after 11 \u2013 13 days<\/p>\n\n\t\t<\/div>\n\t<\/div>\n\t\n\t\n\n\t\t<\/div>\n\t\t\t\t\t<\/div>\n\n\t\n\n\t<div id=\"col-1711064335\" class=\"col medium-4 large-4\"  >\n\t\t\t\t<div class=\"col-inner\"  >\n\t\t\t\n\t\t\t\n\n\n\t\t<div class=\"icon-box featured-box icon-box-center text-center\"  style=\"margin:0px 0px 0px 0px;\">\n\t\t\t\t<div class=\"icon-box-text last-reset\">\n\t\t\t\t\t\t\t\t\t\n\n<p><strong>Follow-up Check:<\/strong><br \/>By the treating physician<\/p>\n\n\t\t<\/div>\n\t<\/div>\n\t\n\t\n\n\t\t<\/div>\n\t\t\t\t\t<\/div>\n\n\t\n\n<\/div>\n\t<div id=\"gap-1768957996\" class=\"gap-element clearfix\" style=\"display:block; height:auto;\">\n\t\t\n<style>\n#gap-1768957996 {\n  padding-top: 10px;\n}\n<\/style>\n\t<\/div>\n\t\n\n<div class=\"row row-divided\"  id=\"row-1066339779\">\n\n\n\t<div id=\"col-1360750356\" class=\"col medium-4 large-4\"  >\n\t\t\t\t<div class=\"col-inner\"  >\n\t\t\t\n\t\t\t\n\n\n\t\t<div class=\"icon-box featured-box icon-box-center text-center\"  style=\"margin:0px 0px 0px 0px;\">\n\t\t\t\t<div class=\"icon-box-text last-reset\">\n\t\t\t\t\t\t\t\t\t\n\n<p><strong>Clinic stay:<\/strong><br \/>1 \u2013 2 nights<\/p>\n\n\t\t<\/div>\n\t<\/div>\n\t\n\t\n\n\t\t<\/div>\n\t\t\t\t\t<\/div>\n\n\t\n\n\t<div id=\"col-974447317\" class=\"col medium-4 large-4\"  >\n\t\t\t\t<div class=\"col-inner\"  >\n\t\t\t\n\t\t\t\n\n\n\t\t<div class=\"icon-box featured-box icon-box-center text-center\"  style=\"margin:0px 0px 0px 0px;\">\n\t\t\t\t<div class=\"icon-box-text last-reset\">\n\t\t\t\t\t\t\t\t\t\n\n<p><strong>Socially presentable:<\/strong><br \/>After about 14 days<\/p>\n\n\t\t<\/div>\n\t<\/div>\n\t\n\t\n\n\t\t<\/div>\n\t\t\t\t\t<\/div>\n\n\t\n\n\t<div id=\"col-1552511979\" class=\"col medium-4 large-4\"  >\n\t\t\t\t<div class=\"col-inner\"  >\n\t\t\t\n\t\t\t\n\n\n\t\t<div class=\"icon-box featured-box icon-box-center text-center\"  style=\"margin:0px 0px 0px 0px;\">\n\t\t\t\t<div class=\"icon-box-text last-reset\">\n\t\t\t\t\t\t\t\t\t\n\n<p><strong>Showering:<\/strong><br \/>After 2 days<\/p>\n\n\t\t<\/div>\n\t<\/div>\n\t\n\t\n\n\t\t<\/div>\n\t\t\t\t\t<\/div>\n\n\t\n\n<\/div>\n\t<div id=\"gap-144261003\" class=\"gap-element clearfix\" style=\"display:block; height:auto;\">\n\t\t\n<style>\n#gap-144261003 {\n  padding-top: 10px;\n}\n<\/style>\n\t<\/div>\n\t\n\n<div class=\"row row-divided\"  id=\"row-710907489\">\n\n\n\t<div id=\"col-2074417756\" class=\"col medium-4 large-4\"  >\n\t\t\t\t<div class=\"col-inner\"  >\n\t\t\t\n\t\t\t\n\n\n\t\t<div class=\"icon-box featured-box icon-box-center text-center\"  style=\"margin:0px 0px 0px 0px;\">\n\t\t\t\t<div class=\"icon-box-text last-reset\">\n\t\t\t\t\t\t\t\t\t\n\n<p><strong>Anesthesia:<\/strong><br \/>Local anesthesia or general anesthesia<\/p>\n\n\t\t<\/div>\n\t<\/div>\n\t\n\t\n\n\t\t<\/div>\n\t\t\t\t\t<\/div>\n\n\t\n\n\t<div id=\"col-1975954294\" class=\"col medium-4 large-4\"  >\n\t\t\t\t<div class=\"col-inner\"  >\n\t\t\t\n\t\t\t\n\n\n\t\t<div class=\"icon-box featured-box icon-box-center text-center\"  style=\"margin:0px 0px 0px 0px;\">\n\t\t\t\t<div class=\"icon-box-text last-reset\">\n\t\t\t\t\t\t\t\t\t\n\n<p><strong>Solarium: <br \/><\/strong>After 6 weeks, Protect the scar for 6 months<\/p>\n\n\t\t<\/div>\n\t<\/div>\n\t\n\t\n\n\t\t<\/div>\n\t\t\t\t\t<\/div>\n\n\t\n\n\t<div id=\"col-1367699451\" class=\"col medium-4 large-4\"  >\n\t\t\t\t<div class=\"col-inner\"  >\n\t\t\t\n\t\t\t\n\n\n\t\t<div class=\"icon-box featured-box icon-box-center text-center\"  style=\"margin:0px 0px 0px 0px;\">\n\t\t\t\t<div class=\"icon-box-text last-reset\">\n\t\t\t\t\t\t\t\t\t\n\n<p><strong>Sauna\/Sport: <\/strong><br \/>After 4 &#8211; 6 weeks<\/p>\n\n\t\t<\/div>\n\t<\/div>\n\t\n\t\n\n\t\t<\/div>\n\t\t\t\t\t<\/div>\n\n\t\n\n<\/div>\n\t<div id=\"gap-973250449\" class=\"gap-element clearfix\" style=\"display:block; height:auto;\">\n\t\t\n<style>\n#gap-973250449 {\n  padding-top: 30px;\n}\n<\/style>\n\t<\/div>\n\t\n\n\n\t\t<\/div>\n\t\t\t\t\t<\/div>\n\n\t\n\n\n<style>\n#row-110660754 > .col > .col-inner {\n  padding: 50px 0px 0px 0px;\n}\n<\/style>\n<\/div>\n\n\t\t<\/div>\n\n\t\t\n<style>\n#section_2040428383 {\n  padding-top: 0px;\n  padding-bottom: 0px;\n  background-color: rgb(255,255,255);\n}\n#section_2040428383 .ux-shape-divider--top svg {\n  height: 150px;\n  --divider-top-width: 100%;\n}\n#section_2040428383 .ux-shape-divider--bottom svg {\n  height: 150px;\n  --divider-width: 100%;\n}\n<\/style>\n\t<\/section>\n\t\n\t<section class=\"section dark\" id=\"section_1815129521\">\n\t\t<div class=\"bg section-bg fill bg-fill  bg-loaded\" >\n\n\t\t\t\n\t\t\t\n\t\t\t\n\n\t\t<\/div>\n\n\t\t\n\n\t\t<div class=\"section-content relative\">\n\t\t\t\n\n<div class=\"row align-middle\"  id=\"row-561660073\">\n\n\n\t<div id=\"col-933624153\" class=\"col medium-6 small-12 large-6\"  >\n\t\t\t\t<div class=\"col-inner text-left\"  >\n\t\t\t\n\t\t\t\n\n\t<div id=\"text-1824915366\" class=\"text\">\n\t\t\n\n<h3><strong>  Get in touch with Dr Christian Wolf<\/strong><\/h3>\n\t\t\n<style>\n#text-1824915366 {\n  text-align: left;\n}\n<\/style>\n\t<\/div>\n\t\n\t<div id=\"text-4272055593\" class=\"text\">\n\t\t\n\n<p>Are you looking for a specialist in facelifts in Mallorca? Dr. Wolf will be happy to offer you an initial consultation without obligation, to explain all the procedures and options to you.<\/p>\n\t\t\n<style>\n#text-4272055593 {\n  text-align: left;\n}\n<\/style>\n\t<\/div>\n\t\n\t<div id=\"gap-1859570805\" class=\"gap-element clearfix\" style=\"display:block; height:auto;\">\n\t\t\n<style>\n#gap-1859570805 {\n  padding-top: 30px;\n}\n<\/style>\n\t<\/div>\n\t\n\n<a href=\"mailto:info@plastischechirurgie-mallorca.com\" target=\"_self\" class=\"button white is-outline\"  >\n    <span>E-Mail<\/span>\n  <\/a>\n\n\n<a href=\"tel:+34653544600\" target=\"_self\" class=\"button white is-outline\"  >\n    <span>+34 653 544 600<\/span>\n  <\/a>\n\n\n\n\t\t<\/div>\n\t\t\t\t\n<style>\n#col-933624153 > .col-inner {\n  margin: 30px 0px 0px 0px;\n}\n<\/style>\n\t<\/div>\n\n\t\n\n\t<div id=\"col-551310404\" class=\"col medium-6 small-12 large-6\"  >\n\t\t\t\t<div class=\"col-inner\"  >\n\t\t\t\n\t\t\t\n\n<div role=\"form\" class=\"wpcf7\" id=\"wpcf7-f2528-o1\" lang=\"en-US\" dir=\"ltr\">\n<div class=\"screen-reader-response\"><p role=\"status\" aria-live=\"polite\" aria-atomic=\"true\"><\/p> <ul><\/ul><\/div>\n<form action=\"\/en\/wp-json\/wp\/v2\/pages\/3470#wpcf7-f2528-o1\" method=\"post\" class=\"wpcf7-form init\" novalidate=\"novalidate\" data-status=\"init\">\n<div style=\"display: none;\">\n<input type=\"hidden\" name=\"_wpcf7\" value=\"2528\" \/>\n<input type=\"hidden\" name=\"_wpcf7_version\" value=\"5.5.6.1\" \/>\n<input type=\"hidden\" name=\"_wpcf7_locale\" value=\"en_US\" \/>\n<input type=\"hidden\" name=\"_wpcf7_unit_tag\" value=\"wpcf7-f2528-o1\" \/>\n<input type=\"hidden\" name=\"_wpcf7_container_post\" value=\"0\" \/>\n<input type=\"hidden\" name=\"_wpcf7_posted_data_hash\" value=\"\" \/>\n<\/div>\n<div class=\"form-flat\">\n<span class=\"wpcf7-form-control-wrap your-name\"><input type=\"text\" name=\"your-name\" value=\"\" size=\"40\" class=\"wpcf7-form-control wpcf7-text wpcf7-validates-as-required\" aria-required=\"true\" aria-invalid=\"false\" placeholder=\"Name *\" \/><\/span><\/p>\n<p><span class=\"wpcf7-form-control-wrap your-email\"><input type=\"email\" name=\"your-email\" value=\"\" size=\"40\" class=\"wpcf7-form-control wpcf7-text wpcf7-email wpcf7-validates-as-required wpcf7-validates-as-email\" aria-required=\"true\" aria-invalid=\"false\" placeholder=\"Email *\" \/><\/span> <\/p>\n<p><span class=\"wpcf7-form-control-wrap your-message\"><textarea name=\"your-message\" cols=\"40\" rows=\"10\" class=\"wpcf7-form-control wpcf7-textarea\" aria-invalid=\"false\" placeholder=\"Message\"><\/textarea><\/span> <\/p>\n<p><input type=\"submit\" value=\"Send\" class=\"wpcf7-form-control has-spinner wpcf7-submit button\" \/>\n<\/p><\/div>\n<input type=\"hidden\" id=\"ct_checkjs_cf7_0d7de1aca9299fe63f3e0041f02638a3\" name=\"ct_checkjs_cf7\" value=\"0\" \/><script >setTimeout(function(){var ct_input_name = \"ct_checkjs_cf7_0d7de1aca9299fe63f3e0041f02638a3\";if (document.getElementById(ct_input_name) !== null) {var ct_input_value = document.getElementById(ct_input_name).value;document.getElementById(ct_input_name).value = document.getElementById(ct_input_name).value.replace(ct_input_value, '0fc2008be24486f92455d65ce48809e893b6406e9cff27772a39d034e0a6c9ef');}}, 1000);<\/script><input \n        id=\"apbct__email_id__wp_contact_form_7_53531\" \n        class=\"apbct_special_field apbct__email_id__wp_contact_form_7\"\n        autocomplete=\"off\" \n        name=\"apbct__email_id__wp_contact_form_7_53531\"  \n        type=\"text\" \n        value=\"\" \n        size=\"30\" \n        maxlength=\"200\" \n    \/><input \n        id=\"apbct_event_id\"\n        class=\"apbct_special_field\"\n        name=\"apbct_event_id\"\n        type=\"hidden\" \n        value=\"53531\" \n            \/><div class=\"altcha-widget-wrap\"><altcha-widget challengeurl=\"https:\/\/www.plastischechirurgie-mallorca.com\/en\/wp-json\/altcha\/v1\/challenge\" strings=\"{&quot;error&quot;:&quot;Verification failed. Try again later.&quot;,&quot;footer&quot;:&quot;Protected by &lt;a href=\\&quot;https:\\\/\\\/altcha.org\\\/\\&quot; target=\\&quot;_blank\\&quot;&gt;ALTCHA&lt;\\\/a&gt;&quot;,&quot;label&quot;:&quot;I&#039;m not a robot&quot;,&quot;verified&quot;:&quot;Verified&quot;,&quot;verifying&quot;:&quot;Verifying...&quot;,&quot;waitAlert&quot;:&quot;Verifying... please wait.&quot;,&quot;cannot_submit&quot;:&quot;Cannot submit.&quot;}\" auto=\"onfocus\" floating=\"auto\" delay=\"1500\" hidefooter=\"1\"><\/altcha-widget><noscript><div class=\"altcha-no-javascript\">This form requires JavaScript!<\/div><\/noscript><\/div><div class=\"wpcf7-response-output\" aria-hidden=\"true\"><\/div><\/form><\/div>\n\n\n\t\t<\/div>\n\t\t\t\t\n<style>\n#col-551310404 > .col-inner {\n  margin: 50px 0px 0px 0px;\n}\n<\/style>\n\t<\/div>\n\n\t\n\n\n<style>\n#row-561660073 > .col > .col-inner {\n  padding: 1px 0px 0px 0px;\n}\n<\/style>\n<\/div>\n\n\t\t<\/div>\n\n\t\t\n<style>\n#section_1815129521 {\n  padding-top: 0px;\n  padding-bottom: 0px;\n  background-color: rgb(29, 51, 74);\n}\n#section_1815129521 .ux-shape-divider--top svg {\n  height: 150px;\n  --divider-top-width: 100%;\n}\n#section_1815129521 .ux-shape-divider--bottom svg {\n  height: 150px;\n  --divider-width: 100%;\n}\n<\/style>\n\t<\/section>\n\t\n\t<section class=\"section\" id=\"section_2040970522\">\n\t\t<div class=\"bg section-bg fill bg-fill  bg-loaded\" >\n\n\t\t\t\n\t\t\t\n\t\t\t\n\n\t\t<\/div>\n\n\t\t\n\n\t\t<div class=\"section-content relative\">\n\t\t\t\n\n<div class=\"row row-collapse\"  id=\"row-726939008\">\n\n\n\t<div id=\"col-647270035\" class=\"col small-12 large-12\"  >\n\t\t\t\t<div class=\"col-inner\"  >\n\t\t\t\n\t\t\t\n\n\t<div id=\"gap-281928951\" class=\"gap-element clearfix\" style=\"display:block; height:auto;\">\n\t\t\n<style>\n#gap-281928951 {\n  padding-top: 30px;\n}\n<\/style>\n\t<\/div>\n\t\n\n\t<div id=\"text-3172668745\" class=\"text\">\n\t\t\n\n<h3><strong>Which facelift methods do we use?<\/strong><\/h3>\n\t\t\n<style>\n#text-3172668745 {\n  text-align: center;\n}\n<\/style>\n\t<\/div>\n\t\n\n\t\t<\/div>\n\t\t\t\t\n<style>\n#col-647270035 > .col-inner {\n  padding: 0px 0px 0px 0;\n  margin: 0px 0px 0px 0;\n}\n<\/style>\n\t<\/div>\n\n\t\n\n<\/div>\n<div class=\"row row-small\"  id=\"row-2114771987\">\n\n\n\t<div id=\"col-1323420272\" class=\"col medium-7 small-12 large-7\"  >\n\t\t\t\t<div class=\"col-inner\"  >\n\t\t\t\n\t\t\t\n\n<div class=\"accordion\" rel=\"\">\n\n<div class=\"accordion-item\"><a href=\"#\" class=\"accordion-title plain\"><button class=\"toggle\"><i class=\"icon-angle-down\"><\/i><\/button><span>The mini-lift (MACS facelift)<\/span><\/a><div class=\"accordion-inner\">\n\n\t<div id=\"text-2355050964\" class=\"text\">\n\t\t\n\n<p>During the natural aging process, the skin in the face loses its elasticity, and muscles become lax. If the first signs of aging appear at a young age, they can be easily concealed with a mini-lift (MACS Lift). This procedure tightens sagging skin and repositions it to its original places. A very small incision under local anesthesia is sufficient to lift and reattach the skin in the mid-face region. The result is more alert and defined facial features. The small scar in front of the ear heals almost invisibly.<\/p>\n\t\t\n<style>\n#text-2355050964 {\n  text-align: left;\n}\n<\/style>\n\t<\/div>\n\t\n\n<\/div><\/div>\n<div class=\"accordion-item\"><a href=\"#\" class=\"accordion-title plain\"><button class=\"toggle\"><i class=\"icon-angle-down\"><\/i><\/button><span>The neck lift<\/span><\/a><div class=\"accordion-inner\">\n\n\t<div id=\"text-1239110853\" class=\"text\">\n\t\t\n\n<p>The skin on the neck also loses its firmness and elasticity with age. A neck lift can provide relief and counteract sagging, wrinkled skin, a double chin and fat deposits. In a preliminary consultation, Dr Wolf will explain the treatment method that best suits your individual needs. If no more complex procedures or combinations with other treatments are necessary, the procedure is usually performed on an outpatient basis. Healing usually takes place without any problems and the scars also heal very inconspicuously.<\/p>\n\t\t\n<style>\n#text-1239110853 {\n  text-align: left;\n}\n<\/style>\n\t<\/div>\n\t\n\n<\/div><\/div>\n<div class=\"accordion-item\"><a href=\"#\" class=\"accordion-title plain\"><button class=\"toggle\"><i class=\"icon-angle-down\"><\/i><\/button><span>The facelift in the temple and forehead area<\/span><\/a><div class=\"accordion-inner\">\n\n\t<div id=\"text-799617618\" class=\"text\">\n\t\t\n\n<p>Another side effect of ageing is the formation of forehead wrinkles; these can run horizontally or vertically as so-called frown lines. They are often accompanied by crow&#8217;s feet, sunken eyebrows or transverse wrinkles. These blemishes can be removed with a gentle and simple facelift in the temple and forehead area. During a forehead lift, a small incision is made in the eyebrow, which is lifted to impressively conceal wrinkles. To remove sagging skin in the temple area, a small incision is made in the scalp during the temple lift, which tightens the entire region and makes the eyes appear more awake.<\/p>\n\t\t\n<style>\n#text-799617618 {\n  text-align: left;\n}\n<\/style>\n\t<\/div>\n\t\n\n<\/div><\/div>\n<div class=\"accordion-item\"><a href=\"#\" class=\"accordion-title plain\"><button class=\"toggle\"><i class=\"icon-angle-down\"><\/i><\/button><span>The facelift in the mid-face area<\/span><\/a><div class=\"accordion-inner\">\n\n\t<div id=\"text-1117564040\" class=\"text\">\n\t\t\n\n<p>The middle area of the face, which runs under the eyes up to the nasolabial fold, can also have blemishes; dark circles under the eyes and deep nasolabial folds are the most common changes that occur during the ageing process, but often also occur at a younger age. With a midfacelift, this area is tightened by making a small incision on the lower eyelid, which later becomes invisible as a scar. This allows the midfacial skin to be ideally tightened and shaped upwards, achieving a radiant facial expression.<\/p>\n\t\t\n<style>\n#text-1117564040 {\n  text-align: left;\n}\n<\/style>\n\t<\/div>\n\t\n\n<\/div><\/div>\n<div class=\"accordion-item\"><a href=\"#\" class=\"accordion-title plain\"><button class=\"toggle\"><i class=\"icon-angle-down\"><\/i><\/button><span>The two-layer facelift (SMAS)<\/span><\/a><div class=\"accordion-inner\">\n\n\t<div id=\"text-3458209710\" class=\"text\">\n\t\t\n\n<p>The SMAS lift (Superficial Muscular Aponeurosis System) not only tightens the skin on the face. The underlying superficial muscular tendon plate system &#8211; i.e. the tissue structures and facial muscles under the skin &#8211; are also modelled during the 2-layer facelift. This method is suitable for the long-term and impressive concealment of even deep nasolabial or marionette lines.<\/p>\n\t\t\n<style>\n#text-3458209710 {\n  text-align: left;\n}\n<\/style>\n\t<\/div>\n\t\n\n<\/div><\/div>\n\n<\/div>\n\n\t\t<\/div>\n\t\t\t\t\n<style>\n#col-1323420272 > .col-inner {\n  padding: 0px 0px 0px 0;\n  margin: 0px 0px 0px 0;\n}\n<\/style>\n\t<\/div>\n\n\t\n\n\t<div id=\"col-2039573355\" class=\"col medium-5 small-12 large-5\"  >\n\t\t\t\t<div class=\"col-inner text-right\"  >\n\t\t\t\n\t\t\t\n\n\t<div class=\"img has-hover x md-x lg-x y md-y lg-y\" id=\"image_851131981\">\n\t\t\t\t\t\t\t\t<div class=\"img-inner dark\" >\n\t\t\t<img width=\"800\" height=\"800\" src=\"https:\/\/www.plastischechirurgie-mallorca.com\/wp-content\/uploads\/2024\/02\/Anti-Wrinkle-treatment-Mallorca-800x800.jpg\" class=\"attachment-large size-large\" alt=\"Anti Wrinkle treatment Mallorca\" loading=\"lazy\" srcset=\"https:\/\/www.plastischechirurgie-mallorca.com\/wp-content\/uploads\/2024\/02\/Anti-Wrinkle-treatment-Mallorca-800x800.jpg 800w, https:\/\/www.plastischechirurgie-mallorca.com\/wp-content\/uploads\/2024\/02\/Anti-Wrinkle-treatment-Mallorca-400x400.jpg 400w, https:\/\/www.plastischechirurgie-mallorca.com\/wp-content\/uploads\/2024\/02\/Anti-Wrinkle-treatment-Mallorca-280x280.jpg 280w, https:\/\/www.plastischechirurgie-mallorca.com\/wp-content\/uploads\/2024\/02\/Anti-Wrinkle-treatment-Mallorca-768x768.jpg 768w, https:\/\/www.plastischechirurgie-mallorca.com\/wp-content\/uploads\/2024\/02\/Anti-Wrinkle-treatment-Mallorca.jpg 1080w\" sizes=\"(max-width: 800px) 100vw, 800px\" title=\"\">\t\t\t\t\t\t\n\t\t\t\t\t<\/div>\n\t\t\t\t\t\t\t\t\n<style>\n#image_851131981 {\n  width: 100%;\n}\n<\/style>\n\t<\/div>\n\t\n\n\n\t\t<\/div>\n\t\t\t\t\n<style>\n#col-2039573355 > .col-inner {\n  padding: 0px 0px 0px 0;\n  margin: 0px 0px 0px 0px;\n}\n<\/style>\n\t<\/div>\n\n\t\n\n\n<style>\n#row-2114771987 > .col > .col-inner {\n  padding: 50px 0px 0px 0px;\n}\n<\/style>\n<\/div>\n\t<div id=\"gap-1565649969\" class=\"gap-element clearfix\" style=\"display:block; height:auto;\">\n\t\t\n<style>\n#gap-1565649969 {\n  padding-top: 30px;\n}\n<\/style>\n\t<\/div>\n\t\n\n\n\t\t<\/div>\n\n\t\t\n<style>\n#section_2040970522 {\n  padding-top: 0px;\n  padding-bottom: 0px;\n  background-color: rgb(255,255,255);\n}\n#section_2040970522 .ux-shape-divider--top svg {\n  height: 150px;\n  --divider-top-width: 100%;\n}\n#section_2040970522 .ux-shape-divider--bottom svg {\n  height: 150px;\n  --divider-width: 100%;\n}\n<\/style>\n\t<\/section>\n\t\n\t<section class=\"section\" id=\"section_252540918\">\n\t\t<div class=\"bg section-bg fill bg-fill  bg-loaded\" >\n\n\t\t\t\n\t\t\t\n\t\t\t\n\t<div class=\"is-border\"\n\t\tstyle=\"border-width:1 0px 0px 0px;\">\n\t<\/div>\n\n\t\t<\/div>\n\n\t\t\n\n\t\t<div class=\"section-content relative\">\n\t\t\t\n\n\t<div id=\"gap-1251903973\" class=\"gap-element clearfix\" style=\"display:block; height:auto;\">\n\t\t\n<style>\n#gap-1251903973 {\n  padding-top: 60px;\n}\n<\/style>\n\t<\/div>\n\t\n\n\t<div id=\"text-4257806006\" class=\"text\">\n\t\t\n\n<h3><strong>Before and after pictures<br \/><\/strong><\/h3>\n\t\t\n<style>\n#text-4257806006 {\n  text-align: center;\n}\n<\/style>\n\t<\/div>\n\t\n<div class=\"row row-small\"  id=\"row-301955814\">\n\n\n\t<div id=\"col-634322905\" class=\"col medium-6 small-12 large-6\"  >\n\t\t\t\t<div class=\"col-inner\"  >\n\t\t\t\n\t\t\t\n\n\t<div class=\"img has-hover x md-x lg-x y md-y lg-y\" id=\"image_1747855798\">\n\t\t<a class=\"image-lightbox lightbox-gallery\" title=\"\" href=\"https:\/\/www.plastischechirurgie-mallorca.com\/wp-content\/uploads\/2024\/03\/Facelift-Mallorca-before-after.jpg\">\t\t\t\t\t\t<div class=\"img-inner image-cover dark\" style=\"padding-top:75%;\">\n\t\t\t<img width=\"1020\" height=\"670\" src=\"https:\/\/www.plastischechirurgie-mallorca.com\/wp-content\/uploads\/2024\/03\/Facelift-Mallorca-before-after.jpg\" class=\"attachment-large size-large\" alt=\"Facelift-Mallorca-before-after\" loading=\"lazy\" srcset=\"https:\/\/www.plastischechirurgie-mallorca.com\/wp-content\/uploads\/2024\/03\/Facelift-Mallorca-before-after.jpg 1024w, https:\/\/www.plastischechirurgie-mallorca.com\/wp-content\/uploads\/2024\/03\/Facelift-Mallorca-before-after-609x400.jpg 609w, https:\/\/www.plastischechirurgie-mallorca.com\/wp-content\/uploads\/2024\/03\/Facelift-Mallorca-before-after-768x505.jpg 768w\" sizes=\"(max-width: 1020px) 100vw, 1020px\" title=\"\">\t\t\t\t\t\t\n\t\t\t\t\t<\/div>\n\t\t\t\t\t\t<\/a>\t\t\n<style>\n#image_1747855798 {\n  width: 100%;\n}\n<\/style>\n\t<\/div>\n\t\n\n\n\t\t<\/div>\n\t\t\t\t\n<style>\n#col-634322905 > .col-inner {\n  padding: 0px 0px 0px 0;\n  margin: 0px 0px 0px 0;\n}\n<\/style>\n\t<\/div>\n\n\t\n\n\t<div id=\"col-1582954165\" class=\"col medium-6 small-12 large-6\"  >\n\t\t\t\t<div class=\"col-inner text-right\"  >\n\t\t\t\n\t\t\t\n\n\t<div class=\"img has-hover x md-x lg-x y md-y lg-y\" id=\"image_877630092\">\n\t\t<a class=\"image-lightbox lightbox-gallery\" title=\"\" href=\"https:\/\/www.plastischechirurgie-mallorca.com\/wp-content\/uploads\/2024\/03\/Facelift-Mallorca-before-after-2.jpg\">\t\t\t\t\t\t<div class=\"img-inner image-cover dark\" style=\"padding-top:75%;\">\n\t\t\t<img width=\"1020\" height=\"796\" src=\"https:\/\/www.plastischechirurgie-mallorca.com\/wp-content\/uploads\/2024\/03\/Facelift-Mallorca-before-after-2.jpg\" class=\"attachment-large size-large\" alt=\"Facelift-Mallorca-before-after-2\" loading=\"lazy\" srcset=\"https:\/\/www.plastischechirurgie-mallorca.com\/wp-content\/uploads\/2024\/03\/Facelift-Mallorca-before-after-2.jpg 1024w, https:\/\/www.plastischechirurgie-mallorca.com\/wp-content\/uploads\/2024\/03\/Facelift-Mallorca-before-after-2-513x400.jpg 513w, https:\/\/www.plastischechirurgie-mallorca.com\/wp-content\/uploads\/2024\/03\/Facelift-Mallorca-before-after-2-768x599.jpg 768w\" sizes=\"(max-width: 1020px) 100vw, 1020px\" title=\"\">\t\t\t\t\t\t\n\t\t\t\t\t<\/div>\n\t\t\t\t\t\t<\/a>\t\t\n<style>\n#image_877630092 {\n  width: 100%;\n}\n<\/style>\n\t<\/div>\n\t\n\n\n\t\t<\/div>\n\t\t\t\t\n<style>\n#col-1582954165 > .col-inner {\n  padding: 0px 0px 0px 0;\n  margin: 0px 0px 0px 0px;\n}\n<\/style>\n\t<\/div>\n\n\t\n\n\n<style>\n#row-301955814 > .col > .col-inner {\n  padding: 50px 0px 0px 0px;\n}\n<\/style>\n<\/div>\n\t<div id=\"gap-516360241\" class=\"gap-element clearfix\" style=\"display:block; height:auto;\">\n\t\t\n<style>\n#gap-516360241 {\n  padding-top: 30px;\n}\n<\/style>\n\t<\/div>\n\t\n\n\n\t\t<\/div>\n\n\t\t\n<style>\n#section_252540918 {\n  padding-top: 0px;\n  padding-bottom: 0px;\n  background-color: rgb(255,255,255);\n}\n#section_252540918 .ux-shape-divider--top svg {\n  height: 150px;\n  --divider-top-width: 100%;\n}\n#section_252540918 .ux-shape-divider--bottom svg {\n  height: 150px;\n  --divider-width: 100%;\n}\n<\/style>\n\t<\/section>\n\t\n\t<section class=\"section dark\" id=\"section_1450645491\">\n\t\t<div class=\"bg section-bg fill bg-fill  bg-loaded\" >\n\n\t\t\t\n\t\t\t\n\t\t\t\n\n\t\t<\/div>\n\n\t\t\n\n\t\t<div class=\"section-content relative\">\n\t\t\t\n\n<div class=\"row align-middle\"  id=\"row-1198453305\">\n\n\n\t<div id=\"col-865633722\" class=\"col small-12 large-12\"  >\n\t\t\t\t<div class=\"col-inner text-left\"  >\n\t\t\t\n\t\t\t\n\n\t<div id=\"gap-758708784\" class=\"gap-element clearfix\" style=\"display:block; height:auto;\">\n\t\t\n<style>\n#gap-758708784 {\n  padding-top: 30px;\n}\n<\/style>\n\t<\/div>\n\t\n\n\t<div id=\"gap-372265184\" class=\"gap-element clearfix\" style=\"display:block; height:auto;\">\n\t\t\n<style>\n#gap-372265184 {\n  padding-top: 30px;\n}\n<\/style>\n\t<\/div>\n\t\n\n\t<div id=\"text-3427360114\" class=\"text\">\n\t\t\n\n<h3 style=\"text-align: center;\"><strong>What costs can I expect for a facelift in Mallorca?<\/strong><\/h3>\n<p>The treatment methods and procedures for a facelift are very versatile, which means the costs are individual. These will be discussed in detail during an extensive consultation.<\/p>\n\t\t\n<style>\n#text-3427360114 {\n  text-align: left;\n}\n<\/style>\n\t<\/div>\n\t\n\t<div id=\"gap-1109941984\" class=\"gap-element clearfix\" style=\"display:block; height:auto;\">\n\t\t\n<style>\n#gap-1109941984 {\n  padding-top: 30px;\n}\n<\/style>\n\t<\/div>\n\t\n\n\t<div id=\"text-3214670182\" class=\"text\">\n\t\t\n\n<h3 style=\"text-align: center;\"><strong>FAQ &#8211; These are the questions our patients ask us about the facelift<\/strong><\/h3>\n\t\t\n<style>\n#text-3214670182 {\n  text-align: left;\n}\n<\/style>\n\t<\/div>\n\t\n<div class=\"row\"  id=\"row-79283382\">\n\n\n\t<div id=\"col-747447736\" class=\"col small-12 large-12\"  >\n\t\t\t\t<div class=\"col-inner\"  >\n\t\t\t\n\t\t\t\n\n<div class=\"accordion\" rel=\"\">\n\n<div class=\"accordion-item\"><a href=\"#\" class=\"accordion-title plain\"><button class=\"toggle\"><i class=\"icon-angle-down\"><\/i><\/button><span>Is it possible to combine the facelift with other procedures?<\/span><\/a><div class=\"accordion-inner\">\n\n<p> Of course, you can discuss all your wishes and needs with Dr. Christian Wolf. In most cases, it is possible to combine several procedures, for example a neck lift and an ear correction.<\/p>\n\n<\/div><\/div>\n<div class=\"accordion-item\"><a href=\"#\" class=\"accordion-title plain\"><button class=\"toggle\"><i class=\"icon-angle-down\"><\/i><\/button><span>How long are the effects of a facelift visible?<\/span><\/a><div class=\"accordion-inner\">\n\n<p>How long the effects of a facelift are visible always depends on the type of procedure and the person being treated. With a healthy lifestyle and no previous illnesses, the results should be visible for a lifetime.<\/p>\n\n<\/div><\/div>\n<div class=\"accordion-item\"><a href=\"#\" class=\"accordion-title plain\"><button class=\"toggle\"><i class=\"icon-angle-down\"><\/i><\/button><span>At what age is a facelift advisable without concerns?<\/span><\/a><div class=\"accordion-inner\">\n\n<p>If there are no genetic or medical reasons for a facelift, we recommend it from the age of 40. Before that, temporary treatments such as hyaluronic acid injections are possible to conceal small wrinkles.<\/p>\n\n<\/div><\/div>\n<div class=\"accordion-item\"><a href=\"#\" class=\"accordion-title plain\"><button class=\"toggle\"><i class=\"icon-angle-down\"><\/i><\/button><span>What is the healing process like after a facelift?<\/span><\/a><div class=\"accordion-inner\">\n\n<p>Depending on the type of procedure, you should take it easy for up to 6 weeks after your facelift and avoid sport, sauna visits, or the solarium. The stitches are removed after about 11 days, after which you are largely socially presentable again. However, continue to avoid strenuous activities and allow yourself to rest.<\/p>\n\n<\/div><\/div>\n\n<\/div>\n\n\t\t<\/div>\n\t\t\t\t\t<\/div>\n\n\t\n\n<\/div>\n<p><script type=application\/ld+json>{\"@context\":\"https:\/\/schema.org\",\"@type\":\"FAQPage\",\"mainEntity\":[{\"@type\":\"Question\",\"name\":\"Ist es m\u00f6glich, eine Brustvergr\u00f6\u00dferung zu finanzieren?\",\"acceptedAnswer\":{\"@type\":\"Answer\",\"text\":\"Eine Brust OP ist meist mit hohen Kosten verbunden. Um Patientinnen trotzdem den Wunsch nach \u00e4sthetischen Br\u00fcsten erf\u00fcllen zu k\u00f6nnen, bieten viele \u00c4rzte eine Ratenzahlung an.\"}},{\"@type\":\"Question\",\"name\":\"\u00dcbernehmen Krankenkassen die Kosten f\u00fcr eine Brustvergr\u00f6\u00dferung?\",\"acceptedAnswer\":{\"@type\":\"Answer\",\"text\":\"Liegt eine medizinische Notwendigkeit f\u00fcr eine Brustoperation vor, etwa aufgrund einer Krankheit, einer Fehlbildung oder Unterentwicklungen, so \u00fcbernimmt oder bezuschusst die Krankenkasse die Kosten f\u00fcr die Brust OP. Auch eine damit verbundene Vergr\u00f6\u00dferung der Br\u00fcste kann durch die Krankenkasse finanziert werden.\"}},{\"@type\":\"Question\",\"name\":\"Was sollte man nach der Brustvergr\u00f6\u00dferung beachten?\",\"acceptedAnswer\":{\"@type\":\"Answer\",\"text\":\"In den ersten Wochen nach der Brustoperation sollten Sie sich so gut wie m\u00f6glich schonen und die ersten 1 bis 1 \u00bd Monate m\u00f6glichst in Seitenlage schlafen. In dieser Zeit sollten Sie au\u00dferdem anstrengende Aktivit\u00e4ten sowie Sauna-Besuche und Sonnenb\u00e4der meiden.\"}},{\"@type\":\"Question\",\"name\":\"Bestehen bei einer Brustvergr\u00f6\u00dferung Risiken?\",\"acceptedAnswer\":{\"@type\":\"Answer\",\"text\":\"Eine Operation ist stets mit Risiken verbunden, die durch einen erfahrenen Chirurgen jedoch weitestgehend eingegrenzt werden k\u00f6nnen. Etwaige Komplikationen nach einer Brust OP sind beispielsweise Wundinfektionen, Nachblutungen oder St\u00f6rungen bei der Narben- und Wundheilung.\"}},{\"@type\":\"Question\",\"name\":\"Welche Bedingungen m\u00fcssen f\u00fcr eine Brustvergr\u00f6\u00dferung erf\u00fcllt sein?\",\"acceptedAnswer\":{\"@type\":\"Answer\",\"text\":\"Damit sich eine Patientin bei ihrer Brustvergr\u00f6\u00dferung wohlf\u00fchlt und das Ergebnis den Vorstellungen entspricht, sind ein ausf\u00fchrliches Vorgespr\u00e4ch und eine transparente Vorgehensweise Pflicht. Selbstverst\u00e4ndlich sollte Ihr Arzt modernste Techniken kennen und die besten Materialien und Werkzeuge verwenden.\"}}]} <\/script><\/p>\n\n\t\t<\/div>\n\t\t\t\t\t<\/div>\n\n\t\n\n\n<style>\n#row-1198453305 > .col > .col-inner {\n  padding: 1px 0px 0px 0px;\n}\n<\/style>\n<\/div>\n\n\t\t<\/div>\n\n\t\t\n<style>\n#section_1450645491 {\n  padding-top: 0px;\n  padding-bottom: 0px;\n  background-color: rgb(29, 51, 74);\n}\n#section_1450645491 .ux-shape-divider--top svg {\n  height: 150px;\n  --divider-top-width: 100%;\n}\n#section_1450645491 .ux-shape-divider--bottom svg {\n  height: 150px;\n  --divider-width: 100%;\n}\n<\/style>\n\t<\/section>\n\t\n\t<section class=\"section\" id=\"section_59571916\">\n\t\t<div class=\"bg section-bg fill bg-fill  bg-loaded\" >\n\n\t\t\t\n\t\t\t\n\t\t\t\n\n\t\t<\/div>\n\n\t\t\n\n\t\t<div class=\"section-content relative\">\n\t\t\t\n\n<div class=\"row row-collapse\"  id=\"row-1073444929\">\n\n\n\t<div id=\"col-535526540\" class=\"col small-12 large-12\"  >\n\t\t\t\t<div class=\"col-inner\"  >\n\t\t\t\n\t\t\t\n\n\t<div id=\"gap-1376136686\" class=\"gap-element clearfix\" style=\"display:block; height:auto;\">\n\t\t\n<style>\n#gap-1376136686 {\n  padding-top: 30px;\n}\n<\/style>\n\t<\/div>\n\t\n\n\n\t\t<\/div>\n\t\t\t\t\n<style>\n#col-535526540 > .col-inner {\n  padding: 0px 0px 0px 0;\n  margin: 0px 0px 0px 0;\n}\n<\/style>\n\t<\/div>\n\n\t\n\n<\/div>\n<div class=\"row row-small\"  id=\"row-956119148\">\n\n\n\t<div id=\"col-222874648\" class=\"col medium-4 small-12 large-4\"  >\n\t\t\t\t<div class=\"col-inner text-center\"  >\n\t\t\t\n\t\t\t\n\n\t<div class=\"img has-hover x md-x lg-x y md-y lg-y\" id=\"image_456936951\">\n\t\t\t\t\t\t\t\t<div class=\"img-inner image-cover dark\" style=\"padding-top:116%;\">\n\t\t\t<img width=\"1020\" height=\"680\" src=\"https:\/\/www.plastischechirurgie-mallorca.com\/wp-content\/uploads\/2024\/03\/Dr.-Christian-Wolf-Specialist-in-Plastic-Aesthetic-and-Reconstructive-Surgery-1200x800.jpg\" class=\"attachment-large size-large\" alt=\"Dr. Christian Wolf Specialist in Plastic, Aesthetic, and Reconstructive Surgery\" loading=\"lazy\" srcset=\"https:\/\/www.plastischechirurgie-mallorca.com\/wp-content\/uploads\/2024\/03\/Dr.-Christian-Wolf-Specialist-in-Plastic-Aesthetic-and-Reconstructive-Surgery-1200x800.jpg 1200w, https:\/\/www.plastischechirurgie-mallorca.com\/wp-content\/uploads\/2024\/03\/Dr.-Christian-Wolf-Specialist-in-Plastic-Aesthetic-and-Reconstructive-Surgery-600x400.jpg 600w, https:\/\/www.plastischechirurgie-mallorca.com\/wp-content\/uploads\/2024\/03\/Dr.-Christian-Wolf-Specialist-in-Plastic-Aesthetic-and-Reconstructive-Surgery-768x512.jpg 768w, https:\/\/www.plastischechirurgie-mallorca.com\/wp-content\/uploads\/2024\/03\/Dr.-Christian-Wolf-Specialist-in-Plastic-Aesthetic-and-Reconstructive-Surgery-1536x1024.jpg 1536w, https:\/\/www.plastischechirurgie-mallorca.com\/wp-content\/uploads\/2024\/03\/Dr.-Christian-Wolf-Specialist-in-Plastic-Aesthetic-and-Reconstructive-Surgery-2048x1366.jpg 2048w\" sizes=\"(max-width: 1020px) 100vw, 1020px\" title=\"\">\t\t\t\t\t\t\n\t\t\t\t\t<\/div>\n\t\t\t\t\t\t\t\t\n<style>\n#image_456936951 {\n  width: 100%;\n}\n<\/style>\n\t<\/div>\n\t\n\n\n\t\t<\/div>\n\t\t\t\t\n<style>\n#col-222874648 > .col-inner {\n  padding: 0px 0px 0px 0;\n  margin: 0px 0px 0px 0px;\n}\n<\/style>\n\t<\/div>\n\n\t\n\n\t<div id=\"col-2110584881\" class=\"col medium-7 small-12 large-7\"  >\n\t\t\t\t<div class=\"col-inner\"  >\n\t\t\t\n\t\t\t\n\n\t<div id=\"text-4017776867\" class=\"text\">\n\t\t\n\n<h3><strong>Contact us for a no-obligation consultation for a facelift in Mallorca<\/strong><\/h3>\n<p>Do you have questions or are you interested in individual treatment options? Dr. Wolf will be happy to advise you in a non-binding introductory meeting about a facelift in Mallorca.<\/p>\n\t\t\n<style>\n#text-4017776867 {\n  text-align: left;\n}\n<\/style>\n\t<\/div>\n\t\n<a href=\"\/en\/contact\/\" target=\"_self\" class=\"button white is-outline\"  >\n    <span>Contact<\/span>\n  <\/a>\n\n\n<a href=\"tel:+34653544600\" target=\"_self\" class=\"button white is-outline\"  >\n    <span>+34 653 544 600<\/span>\n  <\/a>\n\n\n\t<div id=\"text-836470973\" class=\"text\">\n\t\t\n\n<h4><strong>Here you can find us in Mallorca<\/strong><\/h4>\n<p>Dr. Christian Wolf <br \/>(bei Taviara Aesthetics)<br \/>Carrer de Porto Pi 8, 7. Etage<br \/>ES-07015 Palma<\/p>\n\t\t\n<style>\n#text-836470973 {\n  text-align: left;\n}\n<\/style>\n\t<\/div>\n\t\n<a rel=\"noopener noreferrer nofollow\" href=\"https:\/\/www.google.com\/maps\/place\/Dr.+Christian+Wolf\/@39.567358,2.6239671,17z\/data=!3m1!4b1!4m6!3m5!1s0x129793cc57017219:0xde642a5c6745d4c1!8m2!3d39.567358!4d2.6239671!16s%2Fg%2F11t27ng0vg?entry=ttu\" target=\"_blank\" class=\"button white is-outline\">\n    <span>Google Maps<\/span>\n  <\/a>\n\n\n\n\t\t<\/div>\n\t\t\t\t\n<style>\n#col-2110584881 > .col-inner {\n  padding: 0px 0px 0px 0;\n  margin: 0px 0px 0px 0;\n}\n<\/style>\n\t<\/div>\n\n\t\n\n\n<style>\n#row-956119148 > .col > .col-inner {\n  padding: 50px 0px 0px 0px;\n}\n<\/style>\n<\/div>\n\n\t\t<\/div>\n\n\t\t\n<style>\n#section_59571916 {\n  padding-top: 0px;\n  padding-bottom: 0px;\n  background-color: rgb(255,255,255);\n}\n#section_59571916 .ux-shape-divider--top svg {\n  height: 150px;\n  --divider-top-width: 100%;\n}\n#section_59571916 .ux-shape-divider--bottom svg {\n  height: 150px;\n  --divider-width: 100%;\n}\n<\/style>\n\t<\/section>\n\t\n<div class=\"row align-middle autorenbox\"  id=\"row-227605411\">\n\n\n\t<div id=\"col-1057891552\" class=\"col medium-4 small-12 large-4\"  >\n\t\t\t\t<div class=\"col-inner\"  >\n\t\t\t\n\t\t\t\n\n    <div class=\"box has-hover has-hover box-none box-text-bottom\" >\n\n                  <div class=\"box-image \" style=\"width:60%;\">\n           <div class=\"box-image-inner image-cover\" style=\"border-radius:100%;padding-top:100%;\">\n              <img width=\"313\" height=\"351\" src=\"https:\/\/www.plastischechirurgie-mallorca.com\/wp-content\/uploads\/2024\/03\/Dr.-Christian-Wolf-Top-Plastic-Aesthetic-Surgeon-1.jpg\" class=\"attachment- size-\" alt=\"Dr. Christian Wolf Top Plastic &amp; Aesthetic Surgeon\" loading=\"lazy\" title=\"\">                         <\/div>\n          <\/div>\n         \n          <div class=\"box-text text-center\" >\n                <div class=\"box-text-inner\">\n                  <h4 class=\"uppercase\">\n                    <span class=\"person-name\"><\/span><br\/>\n                    <span class=\"person-title is-small thin-font op-7\">\n                      Dr Christian Wolf                    <\/span>\n                  <\/h4>\n                                  \n\n<p> Lorem ipsum.. <\/p>\n\n                <\/div>\n          <\/div>\n    <\/div>\n\n    \n    \n\n\t\t<\/div>\n\t\t\t\t\t<\/div>\n\n\t\n\n\t<div id=\"col-461990359\" class=\"col medium-8 small-12 large-8\"  >\n\t\t\t\t<div class=\"col-inner\"  >\n\t\t\t\n\t\t\t\n\n\t<div id=\"text-1908758268\" class=\"text\">\n\t\t\n\n<h4>Verified by the author<\/h4>\n<p>Dr Christian Wolf is a specialist in the field of aesthetic and plastic surgery. The facts<br \/>on this page have been reviewed by Dr. Christian Wolf and are based on the highest medical standards.<br \/>You can find more information about his experience and principles at<br \/><a href=\"https:\/\/www.plastischechirurgie-mallorca.com\/en\/dr-christian-wolf\/\">&#8220;About Dr. Christian Wolf&#8221;<\/a>.<\/p>\n\t\t\n<style>\n#text-1908758268 {\n  text-align: left;\n}\n@media (min-width:550px) {\n  #text-1908758268 {\n    text-align: left;\n  }\n}\n<\/style>\n\t<\/div>\n\t\n\n\t\t<\/div>\n\t\t\t\t\n<style>\n#col-461990359 > .col-inner {\n  margin: 0px 0px -20px 0px;\n}\n<\/style>\n\t<\/div>\n\n\t\n\n\n<style>\n#row-227605411 > .col > .col-inner {\n  padding: 25px 0px 0px 0px;\n}\n<\/style>\n<\/div>\n\t<div id=\"gap-1013984596\" class=\"gap-element clearfix\" style=\"display:block; height:auto;\">\n\t\t\n<style>\n#gap-1013984596 {\n  padding-top: 60px;\n}\n<\/style>\n\t<\/div>\n\t\n\n\n","protected":false},"excerpt":{"rendered":"","protected":false},"author":1,"featured_media":0,"parent":0,"menu_order":1,"comment_status":"closed","ping_status":"closed","template":"page-blank.php","meta":[],"_links":{"self":[{"href":"https:\/\/www.plastischechirurgie-mallorca.com\/en\/wp-json\/wp\/v2\/pages\/3470"}],"collection":[{"href":"https:\/\/www.plastischechirurgie-mallorca.com\/en\/wp-json\/wp\/v2\/pages"}],"about":[{"href":"https:\/\/www.plastischechirurgie-mallorca.com\/en\/wp-json\/wp\/v2\/types\/page"}],"author":[{"embeddable":true,"href":"https:\/\/www.plastischechirurgie-mallorca.com\/en\/wp-json\/wp\/v2\/users\/1"}],"replies":[{"embeddable":true,"href":"https:\/\/www.plastischechirurgie-mallorca.com\/en\/wp-json\/wp\/v2\/comments?post=3470"}],"version-history":[{"count":17,"href":"https:\/\/www.plastischechirurgie-mallorca.com\/en\/wp-json\/wp\/v2\/pages\/3470\/revisions"}],"predecessor-version":[{"id":4679,"href":"https:\/\/www.plastischechirurgie-mallorca.com\/en\/wp-json\/wp\/v2\/pages\/3470\/revisions\/4679"}],"wp:attachment":[{"href":"https:\/\/www.plastischechirurgie-mallorca.com\/en\/wp-json\/wp\/v2\/media?parent=3470"}],"curies":[{"name":"wp","href":"https:\/\/api.w.org\/{rel}","templated":true}]}}